{"id":28571,"date":"2022-02-11T11:41:51","date_gmt":"2022-02-11T10:41:51","guid":{"rendered":"https:\/\/museoverde.org\/chi-siamo\/"},"modified":"2022-06-22T09:06:41","modified_gmt":"2022-06-22T07:06:41","slug":"who-we-are","status":"publish","type":"page","link":"https:\/\/museoverde.org\/en\/who-we-are\/","title":{"rendered":"Who we are"},"content":{"rendered":"<h2 style=\"text-align: left;\">LA NOSTRA STORIA<\/h2>\n<p style=\"text-align: left; color: var(--tcb-skin-color-2)  !important; --tcb-applied-color:var$(--tcb-skin-color-2)  !important;\">La storia sembrava una favola. C\u2019era per\u00f2, nella sua voce, un tono di passione e di sincerit\u00e0 quando affermava che, da quel giorno, era vissuto nella speranza di poter ricostruire ci\u00f2 che aveva dovuto distruggere<\/p>\n<h2 style=\"text-align: left;\">LA NOSTRA STORIA<\/h2>\n<p style=\"text-align: center;\">La storia sembrava una favola. C\u2019era per\u00f2, nella sua voce, un tono di passione e di sincerit\u00e0 quando affermava che, da quel giorno, era vissuto nella speranza di poter ricostruire ci\u00f2 che aveva dovuto distruggere<\/p>\n<p>Karcha Bahlut \u00e8 un villaggio di circa 150 anime sulla riva destra del grande rio Paraguay, In questa regione la concentrazione di coccodrilli, pesci di fiume, uccelli e zanzare \u00e8 elevatissima mentre la densit\u00e0 di abitanti per chilometro quadrato \u00e8 tra le pi\u00f9 basse del pianeta. Era il giugno del 2015, sulla riva del fiume, Bruno Barras, raccontava una vicenda avvenuta 25 anni prima. Una storia di amore e morte. Raccontava di una giovane, innamorata di un suo coetaneo. Desiderava sposarlo ma i suoi genitori si opposero . La ragazza, disperata, s\u2019impicc\u00f2 in una casa dove gli abitanti di Karcha Bahlut conservavano gli oggetti della loro memoria ancestrale: una specie di piccolo museo rudimentale, un luogo della memoria. Bruno Barras era stato da poco nominato cacique e non poteva sottrarsi alle sue responsabilit\u00e0. Il suicidio attira spiriti maligni che possono condurre alla distruzione del villaggio. Solo il fuoco pu\u00f2 scacciarli. Il museo, nello sgomento generale, fu ridotto in cenere. La storia sembrava una favola. C\u2019era per\u00f2, nella sua voce, un tono di passione e di sincerit\u00e0 quando affermava che, da quel giorno, era vissuto nella speranza di poter ricostruire ci\u00f2 che aveva dovuto distruggere. Gherardo gli credette e di slancio promise che il museo sarebbe risorto dalle sue ceneri.<\/p>\n<p><span style=\"\"><img decoding=\"async\" alt=\"\" data-id=\"27721\" data-init-width=\"512\" data-init-height=\"341\" title=\"uXBwLk3Q\" loading=\"lazy\" src=\"https:\/\/museoverde.org\/wp-content\/uploads\/2022\/03\/uXBwLk3Q.jpeg\" data-width=\"626\" data-height=\"417\" style=\"\" mt-d=\"0\" ml-d=\"-81\" center-h-d=\"false\" width=\"626\" height=\"417\"><\/span><span style=\"\"><img decoding=\"async\" alt=\"\" data-id=\"27310\" data-init-width=\"1533\" data-init-height=\"2048\" title=\"IMG_1879\" loading=\"lazy\" src=\"https:\/\/museoverde.org\/wp-content\/uploads\/2022\/03\/IMG_1879.jpg\" data-width=\"463\" data-height=\"618\" style=\"\" ml-d=\"-1.474999999999966\" width=\"463\" height=\"618\"><\/span><\/p>\n<p>Serviva un progetto, comprensivo di una stima dei costi, per potersi mettere alla ricerca dei finanziamenti necessari.Si cominci\u00f2 cos\u00ec a fissare i concetti principali: partecipazione e coinvolgimento, costruzione autoctona, km.0, basso costo, sostenibilit\u00e0, adattabilit\u00e0, luogo della memoria&#8230;Il Centro Culturale della Repubblica del Paraguay, \u201c El Cabildo\u201d insieme alla Segreteria Nazionale del Turismo ed al Comune di Bahia Negra, stanzi\u00f2 i fondi necessari per trasformare il sogno in realt\u00e0. Il WWF Paraguay, appoggi\u00f2 L\u2019 iniziativa.Gli uomini di Karcha Bahlut, muniti di motosega, s\u2019inoltrarono nel bosco della loro riserva. Le donne Chamacoco ripresero a produrre tessuti decoratiVenne creato il logo e la grafica per dare identit\u00e0 ad un\u2019idea che stava prendendo rapidamente forma e alla quale decidemmo di dare un nome: Museo Verde.L\u2019estate in Paraguay \u00e8 stagione di piogge e quell\u2019anno le precipitazioni furono pi\u00f9 abbondanti del solito. Il livello del gran fiume crebbe, fino a lambire le prime case di Karcha Bahlut. Il museo sembrava destinato alla distruzione, ancor prima di essere costruito. Poi avvenne qualcosa. Forse lo sciamano della comunit\u00e0 esegu\u00ec i corretti riti propiziatori ad Ashnuwerta, la dea delle acque, o forse un\u2019alta pressione venne in nostro soccorso dalla Patagonia. Sta di fatto che smise di piovere ed inizi\u00f2 il deflusso delle acque.Nell\u2019agosto del 2016 il Museo Verde di Karcha Bahlut fu inaugurato.Sembrava la conclusione di una bella storia.Invece fu solo l\u2019inizio.<\/p>\n<p>In breve fu chiaro che quello appena costruito non sarebbe stato l\u2019unico Museo.Il progetto creato per i Chamacoco venne adattato per gli Ayoreo e l\u2019Organizzazione delle Nazioni Unite per lo Sviluppo (UNDP), stanzi\u00f2 fondi per la sua realizzazione. L\u2019 Istituto Italo Latino Americano (<span data-attr-id=\"18\" data-extra_key=\"1\" data-option-inline=\"1\" data-shortcode=\"thrive_global_fields\" data-shortcode-name=\"[Company] IILA\" data-attr-static-link=\"{&quot;className&quot;:&quot;tve-froala fr-basic&quot;,&quot;href&quot;:&quot;https:\/\/iila.org\/it\/&quot;,&quot;target&quot;:&quot;_blank&quot;,&quot;class&quot;:&quot;tve-froala fr-basic&quot;}\"><a href=\"https:\/\/iila.org\/it\/\" target=\"_blank\" class=\"tve-froala fr-basic\">IILA<\/a><\/span>) s\u2019interess\u00f2 per dotare anche Ache, Qom, Caduveo e Wichi, di un luogo ove custodire le testimonianze del loro passato. Non pi\u00f9 una singola infrastruttura: l\u2019inizio di una rete sul territorio di un\u2019immensa regione che si estende per pi\u00f9 di un milione di km2 nei territori di 4 Stati, Paraguay, Argentina, Brasile e Bolivia: il Gran Chaco, ove sopravvivono, tenacemente attaccati alle loro antiche tradizioni, comunit\u00e0 appartenenti a ben 40 popoli indigeni.Inizi\u00f2 una riflessione su cosa poteva essere fatto per conservare e valorizzare questo straordinario patrimonio.L\u2019argomento suscit\u00f2 approvazione ed interesse nel WWF e nacque \u201cAlleanza per il Chaco\u201d per dimostrare, con iniziative e progetti concreti, che il binomio natura\/cultura indigena pu\u00f2 essere un \u201cvaccino\u201d per l\u2019Umanit\u00e0 e molto altro ancora.Il cammino percorso da quella chiacchierata nel giugno 2015, sulle rive del rio Paraguay, non \u00e8 poco e non \u00e8 destinato a fermarsi.Non dobbiamo per\u00f2 dimenticare che tutto ebbe inizio da l\u00ec. Dal sogno di un cacique.<\/p>\n<p><span><img decoding=\"async\" alt=\"\" data-id=\"27306\" data-init-width=\"2560\" data-init-height=\"1920\" title=\"Karcha Bahlut 4\" loading=\"lazy\" src=\"https:\/\/museoverde.org\/wp-content\/uploads\/2022\/03\/Karcha-Bahlut-4-scaled.jpg\" data-width=\"449\" data-height=\"337\" width=\"449\" height=\"337\"><\/span><\/p>\n<h2 style=\"text-align: center;\">Perch\u00e8 Museo Verde?<\/h2>\n<h5 style=\"\">Museo<\/h5>\n<p style=\"\">Museo perch\u00e9 ogni comunit\u00e0 originaria costruisce, con il nostro aiuto, un piccolo luogo espositivo nel suo villaggio, nel quale conserva oggetti di arte indigena, allo scopo di mantenere vivo il ricordo di antichi costumi e tradizioni.<\/p>\n<h5 style=\"\">Verde<\/h5>\n<p style=\"\">Verde perch\u00e9 costruito con materiali del luogo, e localizzato in mezzo al verde della foresta.<\/p>\n<p style=\"\">\n<p style=\"\">\n<h4 style=\"text-align: center;\">La deforestazione non \u00e8 solo un crimine ambientale. E\u2019 un incredibile esempio di stupidit\u00e0, anche dal mero punto di vista economico.<\/h4>\n<h2 style=\"text-align: center;\">La Nostra Missione<\/h2>\n<p style=\"text-align: center;\">L\u00e0 dove si abbattono gli alberi e si uccide la fauna, i germi del posto si trovano a volare in giro come polvere che si alza dalle macerie. Un parassita disturbato nella sua vita quotidiana e sfrattato dal suo ospite abituale ha due possibilit\u00e0: trovare una nuova casa, o estinguersi\u201d \u201cSpillover\u201d di David Quammer.<\/p>\n<p style=\"text-align: center;\">\n<\/p>\n<h2 style=\"\">Il Museo Verde si propone questi obiettivi<\/h2>\n<h4 style=\"\">Obiettivo 1<\/h4>\n<p style=\"\">PRESERVARE E CONSERVARE IL GRAN CHACO DALLA DEFORESTAZIONE<\/p>\n<h4 style=\"\">Obiettivo 2<\/h4>\n<p style=\"line-height: 1.75em !important;\">CONSERVARE E PROMUOVERE LA CULTURA E LA MEMORIA STORICA DELLE COMUNIT\u00c0 INDIGENE DEL GRAN CHACO<\/p>\n<h4 style=\"\">Obiettivo 3<\/h4>\n<p style=\"line-height: 1.75em !important;\">PROMUOVERE LA GESTIONE SOSTENIBILE DELLE FORESTE PER AUMENTARE LA RIMOZIONE DELLA CO2 DALL\u2019ATMOSFERA<\/p>\n<p style=\"\">In occasione della PreCop 26, la conferenza Internazionale sui cambiamenti climatici, il Museo Verde ha lanciato il \u201c<a href=\"https:\/\/museoverde.org\/en\/the-great-chaco\/\" style=\"outline: none;\">Patto per il Gran Chaco<\/a>\u201d in collaborazione con <span data-attr-id=\"18\" data-extra_key=\"1\" data-option-inline=\"1\" data-shortcode=\"thrive_global_fields\" data-shortcode-name=\"[Company] IILA\" data-attr-static-link=\"{&quot;className&quot;:&quot;tve-froala fr-basic&quot;,&quot;href&quot;:&quot;https:\/\/iila.org\/it\/&quot;,&quot;target&quot;:&quot;_blank&quot;,&quot;class&quot;:&quot;tve-froala fr-basic&quot;}\"><a href=\"https:\/\/iila.org\/it\/\" target=\"_blank\" class=\"tve-froala fr-basic\">IILA<\/a><\/span>, WWF Italia e le ambasciate di Argentina e Paraguay.il Patto \u00e8 teso a promuovere il binomio cultura\/ambiente come fattore di sviluppo sostenibile, e a valorizzare e proteggere le risorse naturali e culturali di uno dei maggiori polmoni verdi del pianeta. Cambiamenti climatici e pandemie mettono a rischio la nostra stessa sopravvivenza. Molto resta ancora da chiarire ma, nell&#8217;opinione degli scienziati, si \u00e8 fatta strada l\u2019 ipotesi che i pericoli da fronteggiare siano da ricondursi ad un unico grande problema: l\u2019alterazione di complessi e delicati equilibri naturali.<\/p>\n<p><span><img decoding=\"async\" alt=\"\" data-id=\"27726\" data-init-width=\"1600\" data-init-height=\"1200\" title=\"P1020976\" loading=\"lazy\" src=\"https:\/\/museoverde.org\/wp-content\/uploads\/2022\/03\/P1020976-1.jpg\" data-width=\"426\" data-height=\"319\" style=\"\" width=\"426\" height=\"319\"><\/span><span><img decoding=\"async\" alt=\"\" data-id=\"27730\" data-init-width=\"1600\" data-init-height=\"956\" title=\"IMG_6479\" loading=\"lazy\" src=\"https:\/\/museoverde.org\/wp-content\/uploads\/2022\/03\/IMG_6479.jpg\" data-width=\"445\" data-height=\"266\" style=\"\" width=\"445\" height=\"266\"><\/span><\/p>\n<p>Secondo il CDC ( U.S. Centres for Disease Control and Prevention), la deforestazione \u00e8 una delle grandi cause di rottura di tale equilibrio. Tre quarti delle nuove patologie che colpiscono l\u2019uomo hanno origine da animali.&#8221;L\u00e0 dove si abbattono gli alberi e si uccide la fauna, i germi del posto si trovano a volare in giro come polvere che si alza dalle macerie. Un parassita disturbato nella sua vita quotidiana e sfrattato dal suo ospite abituale ha due possibilit\u00e0: trovare una nuova casa, o estinguersi\u201d \u201cSpillover\u201d di David Quammer.<\/p>\n<p>La relazione deforestazione\/aumento delle malattie infettive \u00e8 stata denunciata anche da Greenpeace.Ma c\u2019\u00e8 di pi\u00f9. La deforestazione non \u00e8 solo un crimine ambientale.E\u2019 un incredibile esempio di stupidit\u00e0, anche dal mero punto di vista economico.A chi asserisce che la deforestazione \u00e8 necessaria per sostenere l\u2019economia, ora si pu\u00f2 rispondere che ci sono alternative, non meno profittevoli e che non comportano i costi stratosferici dovuti all\u2019insorgere di pandemie e ai mutamenti climatici.<\/p>\n<p>Un\u2019accorta gestione sostenibile delle straordinarie risorse custodite nelle foreste pu\u00f2 generare profitti superiori a quelli ricavati dalla loro distruzione.<\/p>\n<p>Dobbiamo fare uso di innovazioni moderne, ma anche avvalerci delle esperienze maturate dalle popolazioni indigene, guardiani della foresta da sempre. Dobbiamo fare in modo che gran parte dei profitti generati da una gestione pi\u00f9 intelligente e sostenibile delle foreste vada a favore della loro sopravvivenza, come popolo e come cultura, che va riconosciuta come un patrimonio del quale l&#8217;umanit\u00e0 non pu\u00f2 fare a meno.<\/p>\n<h4 style=\"text-align: left;\">Al Museo Verde contribuiscono antropologi, ambientalisti, diplomatici, architetti, fotografi ed Istituzioni italiane e latinoamericane.<\/h4>\n<h2 style=\"text-align: left;\">Lo Staff<\/h2>\n<p style=\"text-align: left;\">Gherardo La Francesca, Luca Rugiu, Camilla Persi, Andrea Gristina, Marcella Simonelli, Riccardo Tiddi, Rubens Piovano. Vi contribuiscono volontariamente architetti, grafici, antropologi, diplomatici, giornalisti, economisti, agronomi, fotografi, Istituzioni italiane e latinoamericane e rappresentanti delle comunit\u00e0 indigene sul territorio.<\/p>\n<p><span><img decoding=\"async\" alt=\"\" data-id=\"26431\" data-init-width=\"2560\" data-init-height=\"1857\" title=\"20211023_191928\" loading=\"lazy\" src=\"https:\/\/museoverde.org\/wp-content\/uploads\/2022\/03\/20211023_191928-scaled.jpg\" data-width=\"1217\" data-height=\"883\" width=\"1217\" height=\"883\"><\/span><\/p>\n<h2 style=\"text-align: left; color: var(--tcb-skin-color-4)  !important; --tcb-applied-color:var$(--tcb-skin-color-4)  !important;\">Lo Staff<\/h2>\n<h4 style=\"text-align: center;\">Al Museo Verde contribuiscono antropologi, ambientalisti, diplomatici, architetti, fotografi ed Istituzioni italiane e latinoamericane.<\/h4>\n<p style=\"text-align: center; color: var(--tcb-skin-color-4)  !important; --tcb-applied-color:var$(--tcb-skin-color-4)  !important;\">Gherardo La Francesca, Luca Rugiu, Camilla Persi, Andrea Gristina, Marcella Simonelli, Riccardo Tiddi, Rubens Piovano. Vi contribuiscono volontariamente architetti, grafici, antropologi, diplomatici, giornalisti, economisti, agronomi, fotografi, Istituzioni italiane e latinoamericane e rappresentanti delle comunit\u00e0 indigene sul territorio.<\/p>\n<h1 style=\"text-align: center;\">I Nostri Partners<\/h1>\n<p style=\"text-align: center;\">Il Nostro Progetto \u00e8 Appoggiato da:<\/p>\n<p style=\"text-align: center;\">Italia<\/p>\n<p><span><a href=\"https:\/\/iila.org\/it\/\" target=\"_blank\" rel=\"noopener\"><img decoding=\"async\" alt=\"\" data-id=\"26437\" data-init-width=\"332\" data-init-height=\"152\" title=\"ilia\" loading=\"lazy\" src=\"https:\/\/museoverde.org\/wp-content\/uploads\/2022\/03\/ilia.png\" data-width=\"121\" data-height=\"55\" data-link-wrap=\"true\" style=\"\" width=\"121\" height=\"55\"><\/a><\/span><span><a href=\"https:\/\/www.esteri.it\/it\/\"><img decoding=\"async\" alt=\"\" data-id=\"26446\" data-init-width=\"276\" data-init-height=\"183\" title=\"min affari esteri\" loading=\"lazy\" src=\"https:\/\/museoverde.org\/wp-content\/uploads\/2022\/03\/min-affari-esteri.jpg\" data-width=\"175\" data-height=\"116\" data-link-wrap=\"true\" style=\"\" width=\"175\" height=\"116\"><\/a><\/span><span><a href=\"https:\/\/museocivilta.cultura.gov.it\/\" target=\"_blank\" rel=\"noopener\"><img decoding=\"async\" alt=\"\" data-id=\"26451\" data-init-width=\"217\" data-init-height=\"100\" title=\"museo civilta\" loading=\"lazy\" src=\"https:\/\/museoverde.org\/wp-content\/uploads\/2022\/03\/museo-civilta.png\" data-width=\"200\" data-height=\"92\" data-link-wrap=\"true\" style=\"\" width=\"200\" height=\"92\"><\/a><\/span><span><a href=\"http:\/\/www.energia.cnr.it\/ricerche-energia\/ricerca-energia\/itabc-istituto-per-le-tecnologie-applicate-ai-beni-culturali.html\" target=\"_blank\" rel=\"noopener\"><img decoding=\"async\" alt=\"\" data-id=\"28022\" data-init-width=\"505\" data-init-height=\"100\" title=\"logo cooperazion italiana\" loading=\"lazy\" src=\"https:\/\/museoverde.org\/wp-content\/uploads\/2022\/04\/logo-cooperazion-italiana.png\" data-width=\"250\" data-height=\"49\" data-link-wrap=\"true\" style=\"\" width=\"250\" height=\"49\"><\/a><\/span><span><a href=\"https:\/\/www.sma.unifi.it\/\"><img decoding=\"async\" alt=\"\" data-id=\"26456\" data-init-width=\"2321\" data-init-height=\"604\" title=\"sistema-museale\" loading=\"lazy\" src=\"https:\/\/museoverde.org\/wp-content\/uploads\/2022\/03\/sistema-museale.jpg\" data-width=\"121\" data-height=\"31\" data-link-wrap=\"true\" style=\"\" width=\"121\" height=\"31\"><\/a><\/span><span><a href=\"https:\/\/sostieni.wwf.it\/home.html\" target=\"_blank\" rel=\"noopener\"><img decoding=\"async\" alt=\"\" data-id=\"26466\" data-init-width=\"225\" data-init-height=\"224\" title=\"wwf\" loading=\"lazy\" src=\"https:\/\/museoverde.org\/wp-content\/uploads\/2022\/03\/wwf.png\" data-width=\"130\" data-height=\"130\" data-link-wrap=\"true\" style=\"\" width=\"130\" height=\"130\"><\/a><\/span><\/p>\n<p style=\"text-align: center;\">PARAGUAY<\/p>\n<p><span style=\"\"><img decoding=\"async\" alt=\"\" data-id=\"26471\" data-init-width=\"221\" data-init-height=\"228\" title=\"centro cultural\" loading=\"lazy\" src=\"https:\/\/museoverde.org\/wp-content\/uploads\/2022\/03\/centro-cultural.jpg\" data-width=\"133\" data-height=\"137\" style=\"\" mt-d=\"0\" width=\"133\" height=\"137\"><\/span><span style=\"\"><img decoding=\"async\" alt=\"\" data-id=\"26475\" data-init-width=\"225\" data-init-height=\"225\" title=\"ceaduc\" loading=\"lazy\" src=\"https:\/\/museoverde.org\/wp-content\/uploads\/2022\/03\/ceaduc.jpg\" data-width=\"128\" data-height=\"128\" style=\"\" ml-m=\"0\" width=\"128\" height=\"128\"><\/span><span><img decoding=\"async\" alt=\"\" data-id=\"26479\" data-init-width=\"355\" data-init-height=\"142\" title=\"secretaria nacional\" loading=\"lazy\" src=\"https:\/\/museoverde.org\/wp-content\/uploads\/2022\/03\/secretaria-nacional.png\" data-width=\"200\" data-height=\"80\" style=\"\" width=\"200\" height=\"80\"><\/span><span><img decoding=\"async\" alt=\"\" data-id=\"26466\" data-init-width=\"225\" data-init-height=\"224\" title=\"wwf\" loading=\"lazy\" src=\"https:\/\/museoverde.org\/wp-content\/uploads\/2022\/03\/wwf.png\" data-width=\"133\" data-height=\"132\" style=\"\" width=\"133\" height=\"132\"><\/span><span><img decoding=\"async\" alt=\"\" data-id=\"26483\" data-init-width=\"404\" data-init-height=\"125\" title=\"fmam\" loading=\"lazy\" src=\"https:\/\/museoverde.org\/wp-content\/uploads\/2022\/03\/fmam.png\" data-width=\"200\" data-height=\"62\" style=\"\" width=\"200\" height=\"62\"><\/span><\/p>\n","protected":false},"excerpt":{"rendered":"<p>LA NOSTRA STORIA La storia sembrava una favola. C\u2019era per\u00f2, nella sua voce, un tono di passione e di sincerit\u00e0 quando affermava che, da quel giorno, era vissuto nella speranza di poter ricostruire ci\u00f2 che aveva dovuto distruggere LA NOSTRA STORIA La storia sembrava una favola. C\u2019era per\u00f2, nella sua voce, un tono di passione [&hellip;]<\/p>\n","protected":false},"author":3,"featured_media":0,"parent":0,"menu_order":0,"comment_status":"closed","ping_status":"closed","template":"","meta":{"footnotes":""},"class_list":["post-28571","page","type-page","status-publish","hentry","post-wrapper","thrv_wrapper"],"_links":{"self":[{"href":"https:\/\/museoverde.org\/en\/wp-json\/wp\/v2\/pages\/28571","targetHints":{"allow":["GET"]}}],"collection":[{"href":"https:\/\/museoverde.org\/en\/wp-json\/wp\/v2\/pages"}],"about":[{"href":"https:\/\/museoverde.org\/en\/wp-json\/wp\/v2\/types\/page"}],"author":[{"embeddable":true,"href":"https:\/\/museoverde.org\/en\/wp-json\/wp\/v2\/users\/3"}],"replies":[{"embeddable":true,"href":"https:\/\/museoverde.org\/en\/wp-json\/wp\/v2\/comments?post=28571"}],"version-history":[{"count":25,"href":"https:\/\/museoverde.org\/en\/wp-json\/wp\/v2\/pages\/28571\/revisions"}],"predecessor-version":[{"id":29494,"href":"https:\/\/museoverde.org\/en\/wp-json\/wp\/v2\/pages\/28571\/revisions\/29494"}],"wp:attachment":[{"href":"https:\/\/museoverde.org\/en\/wp-json\/wp\/v2\/media?parent=28571"}],"curies":[{"name":"wp","href":"https:\/\/api.w.org\/{rel}","templated":true}]}}