{"id":28668,"date":"2022-03-31T12:38:25","date_gmt":"2022-03-31T10:38:25","guid":{"rendered":"https:\/\/museoverde.org\/rassegna-stampa\/intervista-a-erasmo-duarte\/"},"modified":"2022-06-02T12:34:23","modified_gmt":"2022-06-02T10:34:23","slug":"intervista-a-erasmo-duarte","status":"publish","type":"page","link":"https:\/\/museoverde.org\/es\/prensa\/intervista-a-erasmo-duarte\/","title":{"rendered":"Intervista a Erasmo Duarte"},"content":{"rendered":"<h2 style=\"text-align: left;\">Entrevista con Erasmo Duarte<\/h2>\n<h5 style=\"\">Perspectivas y esperanzas para el Pantanal entre la sequ\u00eda y la pandemia<\/h5>\n<h6 style=\"\">Entrevista realizada por Beatrice D&#8217;Ascenzi y Anita Testa<\/h6>\n<p>Esta entrevista, dedicada a relatar la experiencia de los miembros de la asociaci\u00f3n Museo Verde, nos fue concedida amablemente por Erasmo Duarte. Vive en la regi\u00f3n del Pantanal, el mayor humedal del mundo, una inmensa llanura aluvial sujeta a inundaciones peri\u00f3dicas, considerada el ecosistema con mayor n\u00famero de especies de flora y fauna del mundo. Es en esta zona tan importante para la biodiversidad, hasta el punto de que el WWF la ha identificado como una de las ecorregiones del planeta, donde Erasmo trabaja y ha formado su familia, entrando en contacto con los nativos de Kadiweu.<\/p>\n<p dir=\"ltr\">El testimonio que amablemente nos ofrece Erasmo Duarte constituye una importante visi\u00f3n de la realidad territorial del Pantanal y de la comunidad de Puerto Murtinho, lugares todav\u00eda demasiado poco conocidos y valorados como parte del gran recurso geogr\u00e1fico y cultural que es la cuenca del Gran Chaco. En particular, la valiosa contribuci\u00f3n de Erasmo Duarte nos permite conocer a fondo los emprendimientos y desaf\u00edos que la organizaci\u00f3n sin fines de lucro Museo Verde pretende abordar en el futuro cercano, con un enfoque espec\u00edfico en las cuestiones ambientales que afectan a la llanura del Pantanal, as\u00ed como en el impacto que Covid 19 est\u00e1 teniendo en la vida cotidiana de la comunidad Kadweu y en el sustento de las poblaciones del Gran Chaco en su conjunto.<\/p>\n<p dir=\"ltr\">&nbsp;<\/p>\n<p dir=\"ltr\"><strong>MUSEO VERDE<\/strong>: \u00bfC\u00f3mo empez\u00f3 su historia en el Gran Chaco?<\/p>\n<p dir=\"ltr\"><strong>ERASMUS<\/strong>: Vivo desde hace 11 a\u00f1os en la ciudad de Porto Murtinho, Mato Grosso do Sul, Brasil, que limita con Paraguay, en la regi\u00f3n del Gran Chaco, viviendo a orillas del gran r\u00edo Paraguay. En el municipio donde vivo hay una gran superficie de tierra que pertenece a los indios kadweus. Antes de visitar el Museo Verde, ya hab\u00eda tenido contacto con las aldeas donde viven estos ind\u00edgenas, que est\u00e1n a unos 400 km de la ciudad de Porto Murtinho. Al otro lado del r\u00edo Paraguay viven los ind\u00edgenas Adhoreus. Cuando la gente del Museo Verde fue a visitar esta comunidad ind\u00edgena, se traslad\u00f3 al lado brasile\u00f1o y tuve el primer contacto con ellos y les habl\u00e9 del pueblo Kadweu y empezamos a visitar algunas aldeas, ocurri\u00f3 en 2017. Personas que formaban parte de este grupo: Gherardo la Francesca, el padre Jos\u00e9 Zanardini y Calixto Seguier.<\/p>\n<p dir=\"ltr\">&nbsp;<\/p>\n<p dir=\"ltr\"><strong>MV<\/strong>: \u00bfC\u00f3mo vive la pandemia?<\/p>\n<p dir=\"ltr\"><strong>E<\/strong>: Los kadweu viven muy lejos de la ciudad de Porto Murtinho, las aldeas est\u00e1n m\u00e1s cerca de otras ciudades como Bonito y Bodoquena. Vienen muy poco aqu\u00ed a Porto Murtinho, aunque las aldeas est\u00e9n en ese municipio. Pero la pandemia nos ha tra\u00eddo problemas tanto en el municipio como en los pueblos. Mi mujer y yo somos comerciantes, tenemos un hotel y una loter\u00eda. El impacto econ\u00f3mico ha sido grande. Aqu\u00ed, donde vivo, ha habido m\u00e1s de 500 casos confirmados y 18 muertes. El problema de Covid 19 tambi\u00e9n ha entrado en las comunidades ind\u00edgenas: para todos nosotros la sensaci\u00f3n es de miedo e inseguridad.<\/p>\n<p dir=\"ltr\">&nbsp;<\/p>\n<p dir=\"ltr\"><strong>MV<\/strong>: \u00bfQu\u00e9 impacto ha tenido el cambio clim\u00e1tico y c\u00f3mo lo ha percibido su comunidad?<\/p>\n<p dir=\"ltr\"><strong>E<\/strong>: En cuanto al medio ambiente, el problema que m\u00e1s nos ha afectado ha sido la sequ\u00eda, la falta de lluvias y un gran incendio que consumi\u00f3 gran parte de nuestro querido Pantanal, que es la mayor llanura inundable del mundo. El r\u00edo Paraguay, que es un r\u00edo navegable para los grandes barcos, se volvi\u00f3 demasiado bajo, impidiendo el movimiento de los grandes barcos. El a\u00f1o 2020 fue un a\u00f1o muy dif\u00edcil para toda la regi\u00f3n del Gran Chaco y el Pantanal. Ha afectado enormemente a la econom\u00eda, tanto en la ciudad como en el campo.<\/p>\n<p dir=\"ltr\">&nbsp;<\/p>\n<p dir=\"ltr\"><strong>MV<\/strong>: \u00bfCu\u00e1l es su contribuci\u00f3n a la Asociaci\u00f3n de Museos Verdes?<\/p>\n<p dir=\"ltr\"><strong>E<\/strong>: Mi contribuci\u00f3n es peque\u00f1a, vivo a 400 km de los pueblos m\u00e1s cercanos. Voy a algunos pueblos dos veces al a\u00f1o. Por supuesto, tengo contacto frecuente con ellos a trav\u00e9s de Internet. Cuando los nativos vienen a Porto Murtinho, somos una referencia para ellos. Vienen a mi casa, tienen apoyo en todo lo que podemos ayudar. Soy representante del Museo Verde aqu\u00ed en Brasil, por invitaci\u00f3n de mi amigo Gherardo La Francesca. Me apasionan los proyectos de nuestra asociaci\u00f3n. Ya tenemos algunos trabajos m\u00e1s directos en dos pueblos, A S\u00e3o Jo\u00e3o y Alves de Barros.<\/p>\n<p dir=\"ltr\">\n<p dir=\"ltr\"><strong>MV<\/strong>: H\u00e1blenos de los proyectos futuros de su comunidad.<\/p>\n<p dir=\"ltr\"><strong>E<\/strong>: Para el futuro, nuestro objetivo es mostrar al pueblo kadweu los valores de la historia, la cultura y las bellas tradiciones que s\u00f3lo ellos tienen. En las visitas y contactos que mantenemos con ellos, intentamos encontrar la manera de motivarles en estas cuestiones. Hace unos meses, Gherardo envi\u00f3 a la Secretar\u00eda de Educaci\u00f3n un material muy bien preparado sobre la parte ind\u00edgena para que fuera transmitido a los coordinadores y maestros de las escuelas. Este material es de gran valor para ellos. Sin embargo, no est\u00e1n tomando clases presenciales debido a la pandemia. Pero insistiremos con ellos en el conocimiento de este material. Hay un pueblo que consigui\u00f3 construir un gran cobertizo para sus fiestas y presentaciones culturales. En este pueblo hay una asociaci\u00f3n de mujeres que hacen piezas de cer\u00e1mica. Nuestra conversaci\u00f3n con ellos es una ayuda con la donaci\u00f3n de cinco paneles con fotos y explicaciones de algunos s\u00edmbolos de la cultura Kadweu. Confieso que el problema de la pandemia ha retrasado mucho nuestro trabajo. En conclusi\u00f3n, quiero decir que seguimos firmes y fuertes en la fe y la esperanza.<\/p>\n","protected":false},"excerpt":{"rendered":"<p>Entrevista con Erasmo Duarte Perspectivas y esperanzas para el Pantanal entre la sequ\u00eda y la pandemia Entrevista realizada por Beatrice D&#8217;Ascenzi y Anita Testa Esta entrevista, dedicada a relatar la experiencia de los miembros de la asociaci\u00f3n Museo Verde, nos fue concedida amablemente por Erasmo Duarte. Vive en la regi\u00f3n del Pantanal, el mayor humedal [&hellip;]<\/p>\n","protected":false},"author":3,"featured_media":0,"parent":28663,"menu_order":0,"comment_status":"closed","ping_status":"closed","template":"","meta":{"footnotes":""},"class_list":["post-28668","page","type-page","status-publish","hentry","post-wrapper","thrv_wrapper"],"_links":{"self":[{"href":"https:\/\/museoverde.org\/es\/wp-json\/wp\/v2\/pages\/28668","targetHints":{"allow":["GET"]}}],"collection":[{"href":"https:\/\/museoverde.org\/es\/wp-json\/wp\/v2\/pages"}],"about":[{"href":"https:\/\/museoverde.org\/es\/wp-json\/wp\/v2\/types\/page"}],"author":[{"embeddable":true,"href":"https:\/\/museoverde.org\/es\/wp-json\/wp\/v2\/users\/3"}],"replies":[{"embeddable":true,"href":"https:\/\/museoverde.org\/es\/wp-json\/wp\/v2\/comments?post=28668"}],"version-history":[{"count":3,"href":"https:\/\/museoverde.org\/es\/wp-json\/wp\/v2\/pages\/28668\/revisions"}],"predecessor-version":[{"id":29374,"href":"https:\/\/museoverde.org\/es\/wp-json\/wp\/v2\/pages\/28668\/revisions\/29374"}],"up":[{"embeddable":true,"href":"https:\/\/museoverde.org\/es\/wp-json\/wp\/v2\/pages\/28663"}],"wp:attachment":[{"href":"https:\/\/museoverde.org\/es\/wp-json\/wp\/v2\/media?parent=28668"}],"curies":[{"name":"wp","href":"https:\/\/api.w.org\/{rel}","templated":true}]}}