{"id":28532,"date":"2022-02-14T11:04:57","date_gmt":"2022-02-14T10:04:57","guid":{"rendered":"https:\/\/museoverde.org\/yshyr-chamacoco\/"},"modified":"2022-05-14T09:33:44","modified_gmt":"2022-05-14T07:33:44","slug":"yshyr-chamacoco","status":"publish","type":"page","link":"https:\/\/museoverde.org\/pt-br\/o-gran-chaco\/le-popolazioni-originarie\/yshyr-chamacoco\/","title":{"rendered":"Yshyr Chamacoco"},"content":{"rendered":"<h3 style=\"\">YShYR\/CHAMACOCO (Yshir)<\/h3>\n<p>A palavra chamacoco significa &#8220;pessoa&#8221;, mas atualmente tamb\u00e9m \u00e9 usada com o significado de &#8220;ind\u00edgena&#8221; em oposi\u00e7\u00e3o ao paraguaio (Maro).S\u00e3o um povo ind\u00edgena do Chaco Boreal que habita o departamento do Alto Paraguai na costa do rio Paraguai, assim como pequenos grupos que migraram para outros departamentos, no Brasil h\u00e1 um pequeno grupo ind\u00edgena no estado do Mato Grosso do Sul.De acordo com os resultados do 3\u00ba Censo Nacional da Popula\u00e7\u00e3o e Habita\u00e7\u00e3o dos Povos Ind\u00edgenas em 2012, cerca de 1.800 Chamacoco vivem no Paraguai.Sua l\u00edngua chamada Yshyr Ahwoso pertence \u00e0 fam\u00edlia lingu\u00edstica Zamuco, estudada e descrita pelos jesu\u00edtas no s\u00e9culo XVIII. \u00c9 considerada uma l\u00edngua amea\u00e7ada pela UNESCO e pode desaparecer em poucas gera\u00e7\u00f5es sob press\u00e3o de l\u00ednguas culturalmente dominantes na regi\u00e3o, como o espanhol e o guarani.O Chamacoco era originalmente um grupo \u00e9tnico semi-n\u00f4made que praticava a coleta, a ca\u00e7a e a pesca. A popula\u00e7\u00e3o Chamacoco foi dividida em cl\u00e3s patrilineares e exog\u00e2micos. O xam\u00e3 (konsehet) desempenhou um papel central, pois teve de lutar contra esp\u00edritos malignos que trouxeram infort\u00fanios e doen\u00e7as. O Chamacoco usava o canto dos p\u00e1ssaros para desenhar sinais premonit\u00f3rios. As pr\u00e1ticas religiosas envolviam uma distin\u00e7\u00e3o rigorosa entre os sexos. Houve uma cerim\u00f4nia de inicia\u00e7\u00e3o para os homens: quando chegaram \u00e0 puberdade (12 ou 13 anos), os meninos sa\u00edram sozinhos para o mato e voltaram quando conseguiram ca\u00e7ar um animal que compartilharam com a comunidade, tornando-se assim adultos, depois foram levados para o tobique e educados na cultura Yshyr.A fam\u00edlia estendida, composta por pais, filhos com suas esposas e filhos, viviam juntos. Por sua vez, as casas foram agrupadas por cl\u00e3s tot\u00eamicos. A aldeia tradicional ( Lut ) foi organizada em forma de lua crescente, com um de seus pontos voltados para o norte e a parte convexa voltada para o leste.Segundo as refer\u00eancias atuais, o primeiro tobique (lugar sagrado) foi estabelecido em um ponto conhecido como Karcha Balut (grande concha) no rio, hoje Puerto 14 de Mayo.Bruno Barr\u00e1s pertence \u00e0 comunidade Potreritos, mant\u00e9m a antiga tradi\u00e7\u00e3o Yshyr de poligamia e tem tr\u00eas esposas. \u00c9 assim que Bruno descreve a cultura de seu povo:&#8221;A mitologia de Ebytoso tem tr\u00eas poderes: a deusa da \u00e1gua Eshnuwerta cuida da vida dos animais aqu\u00e1ticos. A deusa do ar, Pauchata, \u00e9 a sentinela do c\u00e9u, do espa\u00e7o e do vento. e o deus da floresta Nemur, de todas as plantas e animais que ali habitam. A floresta \u00e9 onde aprendemos o que precisamos, M\u00e3e Natureza, \u00e9 uma universidade, como diz o homem branco. Nemur ensinou aos homens como usar os animais de quatro patas e como usar a flora. E Eshnuwerta nos ensinou a utilizar os peixes, sem prejudic\u00e1-los ou perturbar o equil\u00edbrio, Isto \u00e9 sabedoria para n\u00f3s. [H\u00e1 previs\u00f5es dos tr\u00eas deuses. Nemur disse que se os homens come\u00e7arem a destruir a flora, isso pode trazer pestes ou epidemias muito graves para as na\u00e7\u00f5es, sejam elas quais forem. Pois esta \u00e9 a vida dos homens humanos na Terra. Os parasitas raros podem vir para atacar seres humanos. O mesmo que Eshnuwerta disse: se voc\u00ea n\u00e3o usar bem os animais aqu\u00e1ticos, a natureza e a fonte do fluxo dos rios se recusar\u00e3o, se rebelar\u00e3o e ter\u00e3o que sofrer as conseq\u00fc\u00eancias de secas, enchentes, porque os peixes tamb\u00e9m respiram ar, assim como os seres humanos. E a previs\u00e3o de Pauchata \u00e9: quando os humanos n\u00e3o cuidam de seu ambiente, ent\u00e3o o sol pode ficar cada vez mais furioso e as tempestades podem vir com grande rapidez para tocar as na\u00e7\u00f5es. O ar merece respeito porque todos n\u00f3s precisamos dele mais do que qualquer outra coisa.O Yshyr Chamacoco tamb\u00e9m tem outra institui\u00e7\u00e3o m\u00edtica fundamental que promove o uso equilibrado dos recursos e do habitat: o Senhor Animal. Cada animal tem seu dono, um &#8220;balut&#8221; ou defensor, que simultaneamente facilita a ca\u00e7a e pune severamente seus excessos&#8230;O Chamacoco \u00e9 mencionado pela primeira vez em um documento de 1795. Os primeiros contatos est\u00e1veis com os brancos aconteceram a partir da d\u00e9cada de 1880. Uma virada nos contatos entre o Chamacoco e a civiliza\u00e7\u00e3o ocidental deve-se ao explorador e fot\u00f3grafo italiano Guido Boggiani, que iniciou estudos ling\u00fc\u00edsticos e antropol\u00f3gicos sobre este grupo \u00e9tnico. Ele tamb\u00e9m fundou Puerto 14 de Mayo e Puerto Esperanza, antes de ser morto pelo Chamacoco durante uma expedi\u00e7\u00e3o ao Chaco.Na antiguidade, o Chamacoco era dividido em dois grupos guerreiros: Chamacoco Ebitoso e Chamacoco Tomaraho. Durante a Guerra do Chaco (1932-1935), travada entre o Paraguai e a Bol\u00edvia, os dois grupos ajudaram os soldados paraguaios em sua luta contra os bolivianos, mas no final da guerra perderam seus territ\u00f3rios e tiveram que negociar sua sobreviv\u00eancia \u00e9tnica com colonos paraguaios e novos propriet\u00e1rios de terras. Mais tarde, o Ebitoso experimentou a evangeliza\u00e7\u00e3o por mission\u00e1rios das Novas Tribos, que conseguiram p\u00f4r fim \u00e0s celebra\u00e7\u00f5es rituais e passaram por um forte processo de desintegra\u00e7\u00e3o cultural. Enquanto os Tomaraho, gra\u00e7as ao seu isolamento, preservaram sua identidade \u00e9tnica em maior medida, permanecendo na floresta longe da influ\u00eancia de paraguaios e mission\u00e1rios. Ao custo da quase extin\u00e7\u00e3o, o Tom\u00e1raho conseguiu preservar um grande n\u00famero de seus mitos, xamanismo e cerim\u00f4nias tradicionais. Os Yshyr foram deslocados de suas terras e realojados pelo Instituto Nacional Ind\u00edgena do Paraguai (INDI), confinando-os a pequenas \u00e1reas ao longo do rio nos anos 80.Estes grupos est\u00e3o agora \u00e0 beira do desaparecimento devido \u00e0 pobreza resultante da transforma\u00e7\u00e3o de seu habitat, da degrada\u00e7\u00e3o dos recursos naturais e da press\u00e3o da expans\u00e3o da atividade econ\u00f4mica. Os jovens migram para as cidades do Paraguai e do Brasil, abandonando seus costumes e muitas vezes negando sua origem para evitar a discrimina\u00e7\u00e3o. O Yshyr agora sobrevive em um meio de vida prec\u00e1rio de cultivo de mandioca, batata doce, feij\u00e3o, milho, ab\u00f3bora e melancia. Eles tamb\u00e9m ca\u00e7am, pescam e coletam mel e palmeiras carand\u00e1, e conseguem ganhar um pouco de dinheiro com a venda de seus artesanatos. Alguns grupos de dissidentes Yshyr, conhecidos como &#8216;yacareceros&#8217;, dedicam-se \u00e0 ca\u00e7a furtiva de jacar\u00e9s: quinze a vinte homens viajam de canoa pelos p\u00e2ntanos do rio Negro, onde ca\u00e7am durante um m\u00eas, dormindo em seus barcos, constantemente expostos ao mau tempo e ao perigo, incluindo guardas florestais brasileiros, a maioria deles ex-reclusos, que atiram neles \u00e0 vista.Em 2009, apenas tr\u00eas comunidades ebitoso tinham um status legal e suas pr\u00f3prias terras; a comunidade de Tom\u00e1raho tem um status legal, mas suas terras foram alocadas sem t\u00edtulo a empresas, ( DGEEC , 2004) para um total de 25.828 hectares.&#8221;Agora nosso territ\u00f3rio \u00e9 o da empresa, vivemos l\u00e1, mas n\u00e3o \u00e9 nossa terra, n\u00e3o nos pertence mais e se tornou um lugar inimigo que est\u00e1 nos matando. Antes, \u00e9ramos valentes e fortes, mas a conviv\u00eancia com os paraguaios nos domou.Sua cultura material diferia da de outros grupos \u00e9tnicos no Chaco por fazer objetos com penas, j\u00e1 que na antiguidade usavam o canto dos p\u00e1ssaros como um sinal de alerta.<\/p>\n<p><span><img decoding=\"async\" alt=\"\" data-id=\"27100\" width=\"853\" height=\"1280\" title=\"IMG-20210725-WA0006\" src=\"https:\/\/museoverde.org\/wp-content\/uploads\/2022\/03\/IMG-20210725-WA0006-200x300.jpg\" data-src=\"https:\/\/museoverde.org\/wp-content\/uploads\/2022\/03\/IMG-20210725-WA0006-682x1024.jpg\" loading=\"lazy\" data-sizes=\"{&quot;thumbnail&quot;:{&quot;height&quot;:150,&quot;width&quot;:150,&quot;url&quot;:&quot;https:\/\/museoverde.org\/wp-content\/uploads\/2022\/03\/IMG-20210725-WA0006-150x150.jpg&quot;,&quot;orientation&quot;:&quot;landscape&quot;},&quot;medium&quot;:{&quot;height&quot;:300,&quot;width&quot;:200,&quot;url&quot;:&quot;https:\/\/museoverde.org\/wp-content\/uploads\/2022\/03\/IMG-20210725-WA0006-200x300.jpg&quot;,&quot;orientation&quot;:&quot;portrait&quot;},&quot;large&quot;:{&quot;height&quot;:1024,&quot;width&quot;:682,&quot;url&quot;:&quot;https:\/\/museoverde.org\/wp-content\/uploads\/2022\/03\/IMG-20210725-WA0006-682x1024.jpg&quot;,&quot;orientation&quot;:&quot;portrait&quot;},&quot;full&quot;:{&quot;url&quot;:&quot;https:\/\/museoverde.org\/wp-content\/uploads\/2022\/03\/IMG-20210725-WA0006.jpg&quot;,&quot;height&quot;:1280,&quot;width&quot;:853,&quot;orientation&quot;:&quot;portrait&quot;}}\" style=\"\"><\/span><span><img decoding=\"async\" alt=\"\" data-id=\"27104\" width=\"853\" height=\"1280\" title=\"IMG-20201125-WA0011\" src=\"https:\/\/museoverde.org\/wp-content\/uploads\/2022\/03\/IMG-20201125-WA0011-200x300.jpg\" data-src=\"https:\/\/museoverde.org\/wp-content\/uploads\/2022\/03\/IMG-20201125-WA0011-682x1024.jpg\" loading=\"lazy\" data-sizes=\"{&quot;thumbnail&quot;:{&quot;height&quot;:150,&quot;width&quot;:150,&quot;url&quot;:&quot;https:\/\/museoverde.org\/wp-content\/uploads\/2022\/03\/IMG-20201125-WA0011-150x150.jpg&quot;,&quot;orientation&quot;:&quot;landscape&quot;},&quot;medium&quot;:{&quot;height&quot;:300,&quot;width&quot;:200,&quot;url&quot;:&quot;https:\/\/museoverde.org\/wp-content\/uploads\/2022\/03\/IMG-20201125-WA0011-200x300.jpg&quot;,&quot;orientation&quot;:&quot;portrait&quot;},&quot;large&quot;:{&quot;height&quot;:1024,&quot;width&quot;:682,&quot;url&quot;:&quot;https:\/\/museoverde.org\/wp-content\/uploads\/2022\/03\/IMG-20201125-WA0011-682x1024.jpg&quot;,&quot;orientation&quot;:&quot;portrait&quot;},&quot;full&quot;:{&quot;url&quot;:&quot;https:\/\/museoverde.org\/wp-content\/uploads\/2022\/03\/IMG-20201125-WA0011.jpg&quot;,&quot;height&quot;:1280,&quot;width&quot;:853,&quot;orientation&quot;:&quot;portrait&quot;}}\" style=\"\"><\/span><span><img decoding=\"async\" alt=\"\" data-id=\"27108\" width=\"1280\" height=\"853\" title=\"IMG-20201125-WA0010\" src=\"https:\/\/museoverde.org\/wp-content\/uploads\/2022\/03\/IMG-20201125-WA0010-300x200.jpg\" data-src=\"https:\/\/museoverde.org\/wp-content\/uploads\/2022\/03\/IMG-20201125-WA0010-1024x682.jpg\" loading=\"lazy\" data-sizes=\"{&quot;thumbnail&quot;:{&quot;height&quot;:150,&quot;width&quot;:150,&quot;url&quot;:&quot;https:\/\/museoverde.org\/wp-content\/uploads\/2022\/03\/IMG-20201125-WA0010-150x150.jpg&quot;,&quot;orientation&quot;:&quot;landscape&quot;},&quot;medium&quot;:{&quot;height&quot;:200,&quot;width&quot;:300,&quot;url&quot;:&quot;https:\/\/museoverde.org\/wp-content\/uploads\/2022\/03\/IMG-20201125-WA0010-300x200.jpg&quot;,&quot;orientation&quot;:&quot;landscape&quot;},&quot;large&quot;:{&quot;height&quot;:682,&quot;width&quot;:1024,&quot;url&quot;:&quot;https:\/\/museoverde.org\/wp-content\/uploads\/2022\/03\/IMG-20201125-WA0010-1024x682.jpg&quot;,&quot;orientation&quot;:&quot;landscape&quot;},&quot;full&quot;:{&quot;url&quot;:&quot;https:\/\/museoverde.org\/wp-content\/uploads\/2022\/03\/IMG-20201125-WA0010.jpg&quot;,&quot;height&quot;:853,&quot;width&quot;:1280,&quot;orientation&quot;:&quot;landscape&quot;}}\" style=\"\"><\/span><span><img decoding=\"async\" alt=\"\" data-id=\"27112\" width=\"1280\" height=\"853\" title=\"IMG-20201125-WA0009\" src=\"https:\/\/museoverde.org\/wp-content\/uploads\/2022\/03\/IMG-20201125-WA0009-300x200.jpg\" data-src=\"https:\/\/museoverde.org\/wp-content\/uploads\/2022\/03\/IMG-20201125-WA0009-1024x682.jpg\" loading=\"lazy\" data-sizes=\"{&quot;thumbnail&quot;:{&quot;height&quot;:150,&quot;width&quot;:150,&quot;url&quot;:&quot;https:\/\/museoverde.org\/wp-content\/uploads\/2022\/03\/IMG-20201125-WA0009-150x150.jpg&quot;,&quot;orientation&quot;:&quot;landscape&quot;},&quot;medium&quot;:{&quot;height&quot;:200,&quot;width&quot;:300,&quot;url&quot;:&quot;https:\/\/museoverde.org\/wp-content\/uploads\/2022\/03\/IMG-20201125-WA0009-300x200.jpg&quot;,&quot;orientation&quot;:&quot;landscape&quot;},&quot;large&quot;:{&quot;height&quot;:682,&quot;width&quot;:1024,&quot;url&quot;:&quot;https:\/\/museoverde.org\/wp-content\/uploads\/2022\/03\/IMG-20201125-WA0009-1024x682.jpg&quot;,&quot;orientation&quot;:&quot;landscape&quot;},&quot;full&quot;:{&quot;url&quot;:&quot;https:\/\/museoverde.org\/wp-content\/uploads\/2022\/03\/IMG-20201125-WA0009.jpg&quot;,&quot;height&quot;:853,&quot;width&quot;:1280,&quot;orientation&quot;:&quot;landscape&quot;}}\" style=\"\"><\/span><span><img decoding=\"async\" alt=\"\" data-id=\"27116\" width=\"2400\" height=\"2560\" title=\"DSC_4053\" src=\"https:\/\/museoverde.org\/wp-content\/uploads\/2022\/03\/DSC_4053-281x300.jpg\" data-src=\"https:\/\/museoverde.org\/wp-content\/uploads\/2022\/03\/DSC_4053-960x1024.jpg\" loading=\"lazy\" data-sizes=\"{&quot;thumbnail&quot;:{&quot;height&quot;:150,&quot;width&quot;:150,&quot;url&quot;:&quot;https:\/\/museoverde.org\/wp-content\/uploads\/2022\/03\/DSC_4053-150x150.jpg&quot;,&quot;orientation&quot;:&quot;landscape&quot;},&quot;medium&quot;:{&quot;height&quot;:300,&quot;width&quot;:281,&quot;url&quot;:&quot;https:\/\/museoverde.org\/wp-content\/uploads\/2022\/03\/DSC_4053-281x300.jpg&quot;,&quot;orientation&quot;:&quot;portrait&quot;},&quot;large&quot;:{&quot;height&quot;:1024,&quot;width&quot;:960,&quot;url&quot;:&quot;https:\/\/museoverde.org\/wp-content\/uploads\/2022\/03\/DSC_4053-960x1024.jpg&quot;,&quot;orientation&quot;:&quot;portrait&quot;},&quot;full&quot;:{&quot;url&quot;:&quot;https:\/\/museoverde.org\/wp-content\/uploads\/2022\/03\/DSC_4053-scaled.jpg&quot;,&quot;height&quot;:2560,&quot;width&quot;:2400,&quot;orientation&quot;:&quot;portrait&quot;}}\" style=\"\"><\/span><span><img decoding=\"async\" alt=\"\" data-id=\"27120\" width=\"2560\" height=\"1932\" title=\"DSC_0296 2\" src=\"https:\/\/museoverde.org\/wp-content\/uploads\/2022\/03\/DSC_0296-2-300x226.jpg\" data-src=\"https:\/\/museoverde.org\/wp-content\/uploads\/2022\/03\/DSC_0296-2-1024x773.jpg\" loading=\"lazy\" data-sizes=\"{&quot;thumbnail&quot;:{&quot;height&quot;:150,&quot;width&quot;:150,&quot;url&quot;:&quot;https:\/\/museoverde.org\/wp-content\/uploads\/2022\/03\/DSC_0296-2-150x150.jpg&quot;,&quot;orientation&quot;:&quot;landscape&quot;},&quot;medium&quot;:{&quot;height&quot;:226,&quot;width&quot;:300,&quot;url&quot;:&quot;https:\/\/museoverde.org\/wp-content\/uploads\/2022\/03\/DSC_0296-2-300x226.jpg&quot;,&quot;orientation&quot;:&quot;landscape&quot;},&quot;large&quot;:{&quot;height&quot;:773,&quot;width&quot;:1024,&quot;url&quot;:&quot;https:\/\/museoverde.org\/wp-content\/uploads\/2022\/03\/DSC_0296-2-1024x773.jpg&quot;,&quot;orientation&quot;:&quot;landscape&quot;},&quot;full&quot;:{&quot;url&quot;:&quot;https:\/\/museoverde.org\/wp-content\/uploads\/2022\/03\/DSC_0296-2-scaled.jpg&quot;,&quot;height&quot;:1932,&quot;width&quot;:2560,&quot;orientation&quot;:&quot;landscape&quot;}}\" style=\"\"><\/span><span><img decoding=\"async\" alt=\"\" data-id=\"27124\" width=\"1916\" height=\"2560\" title=\"Ashnuwertha, la dea delle acque nella mitologia Ishir\" src=\"https:\/\/museoverde.org\/wp-content\/uploads\/2022\/03\/Ashnuwertha-la-dea-delle-acque-nella-mitologia-Ishir-225x300.jpg\" data-src=\"https:\/\/museoverde.org\/wp-content\/uploads\/2022\/03\/Ashnuwertha-la-dea-delle-acque-nella-mitologia-Ishir-766x1024.jpg\" loading=\"lazy\" data-sizes=\"{&quot;thumbnail&quot;:{&quot;height&quot;:150,&quot;width&quot;:150,&quot;url&quot;:&quot;https:\/\/museoverde.org\/wp-content\/uploads\/2022\/03\/Ashnuwertha-la-dea-delle-acque-nella-mitologia-Ishir-150x150.jpg&quot;,&quot;orientation&quot;:&quot;landscape&quot;},&quot;medium&quot;:{&quot;height&quot;:300,&quot;width&quot;:225,&quot;url&quot;:&quot;https:\/\/museoverde.org\/wp-content\/uploads\/2022\/03\/Ashnuwertha-la-dea-delle-acque-nella-mitologia-Ishir-225x300.jpg&quot;,&quot;orientation&quot;:&quot;portrait&quot;},&quot;large&quot;:{&quot;height&quot;:1024,&quot;width&quot;:766,&quot;url&quot;:&quot;https:\/\/museoverde.org\/wp-content\/uploads\/2022\/03\/Ashnuwertha-la-dea-delle-acque-nella-mitologia-Ishir-766x1024.jpg&quot;,&quot;orientation&quot;:&quot;portrait&quot;},&quot;full&quot;:{&quot;url&quot;:&quot;https:\/\/museoverde.org\/wp-content\/uploads\/2022\/03\/Ashnuwertha-la-dea-delle-acque-nella-mitologia-Ishir-scaled.jpg&quot;,&quot;height&quot;:2560,&quot;width&quot;:1916,&quot;orientation&quot;:&quot;portrait&quot;}}\" style=\"\"><\/span><span><img decoding=\"async\" alt=\"\" data-id=\"27128\" width=\"720\" height=\"637\" title=\"5)ISHIR Nancy, la prima cachique donna di Karcha Bahlut\" src=\"https:\/\/museoverde.org\/wp-content\/uploads\/2022\/03\/5ISHIR-Nancy-la-prima-cachique-donna-di-Karcha-Bahlut-300x265.jpg\" data-src=\"https:\/\/museoverde.org\/wp-content\/uploads\/2022\/03\/5ISHIR-Nancy-la-prima-cachique-donna-di-Karcha-Bahlut-300x265.jpg\" loading=\"lazy\" data-sizes=\"{&quot;thumbnail&quot;:{&quot;height&quot;:150,&quot;width&quot;:150,&quot;url&quot;:&quot;https:\/\/museoverde.org\/wp-content\/uploads\/2022\/03\/5ISHIR-Nancy-la-prima-cachique-donna-di-Karcha-Bahlut-150x150.jpg&quot;,&quot;orientation&quot;:&quot;landscape&quot;},&quot;medium&quot;:{&quot;height&quot;:265,&quot;width&quot;:300,&quot;url&quot;:&quot;https:\/\/museoverde.org\/wp-content\/uploads\/2022\/03\/5ISHIR-Nancy-la-prima-cachique-donna-di-Karcha-Bahlut-300x265.jpg&quot;,&quot;orientation&quot;:&quot;landscape&quot;},&quot;full&quot;:{&quot;url&quot;:&quot;https:\/\/museoverde.org\/wp-content\/uploads\/2022\/03\/5ISHIR-Nancy-la-prima-cachique-donna-di-Karcha-Bahlut.jpg&quot;,&quot;height&quot;:637,&quot;width&quot;:720,&quot;orientation&quot;:&quot;landscape&quot;}}\" style=\"\"><\/span><\/p>\n","protected":false},"excerpt":{"rendered":"<p>YShYR\/CHAMACOCO (Yshir) A palavra chamacoco significa &#8220;pessoa&#8221;, mas atualmente tamb\u00e9m \u00e9 usada com o significado de &#8220;ind\u00edgena&#8221; em oposi\u00e7\u00e3o ao paraguaio (Maro).S\u00e3o um povo ind\u00edgena do Chaco Boreal que habita o departamento do Alto Paraguai na costa do rio Paraguai, assim como pequenos grupos que migraram para outros departamentos, no Brasil h\u00e1 um pequeno grupo [&hellip;]<\/p>\n","protected":false},"author":3,"featured_media":0,"parent":28600,"menu_order":0,"comment_status":"closed","ping_status":"closed","template":"","meta":{"footnotes":""},"class_list":["post-28532","page","type-page","status-publish","hentry","post-wrapper","thrv_wrapper"],"_links":{"self":[{"href":"https:\/\/museoverde.org\/pt-br\/wp-json\/wp\/v2\/pages\/28532","targetHints":{"allow":["GET"]}}],"collection":[{"href":"https:\/\/museoverde.org\/pt-br\/wp-json\/wp\/v2\/pages"}],"about":[{"href":"https:\/\/museoverde.org\/pt-br\/wp-json\/wp\/v2\/types\/page"}],"author":[{"embeddable":true,"href":"https:\/\/museoverde.org\/pt-br\/wp-json\/wp\/v2\/users\/3"}],"replies":[{"embeddable":true,"href":"https:\/\/museoverde.org\/pt-br\/wp-json\/wp\/v2\/comments?post=28532"}],"version-history":[{"count":1,"href":"https:\/\/museoverde.org\/pt-br\/wp-json\/wp\/v2\/pages\/28532\/revisions"}],"predecessor-version":[{"id":28726,"href":"https:\/\/museoverde.org\/pt-br\/wp-json\/wp\/v2\/pages\/28532\/revisions\/28726"}],"up":[{"embeddable":true,"href":"https:\/\/museoverde.org\/pt-br\/wp-json\/wp\/v2\/pages\/28600"}],"wp:attachment":[{"href":"https:\/\/museoverde.org\/pt-br\/wp-json\/wp\/v2\/media?parent=28532"}],"curies":[{"name":"wp","href":"https:\/\/api.w.org\/{rel}","templated":true}]}}