{"id":28594,"date":"2022-02-11T12:04:53","date_gmt":"2022-02-11T11:04:53","guid":{"rendered":"https:\/\/museoverde.org\/gran-chaco\/"},"modified":"2022-06-02T12:15:32","modified_gmt":"2022-06-02T10:15:32","slug":"o-gran-chaco","status":"publish","type":"page","link":"https:\/\/museoverde.org\/pt-br\/o-gran-chaco\/","title":{"rendered":"O Gran Chaco"},"content":{"rendered":"<h1 style=\"\">O GRANDE CHACO<\/h1>\n<p style=\"\">&#8220;Grandes e misteriosamente silenciosas florestas com \u00e1rvores densas entrela\u00e7adas com enormes cip\u00f3s, &#8230; se refletem nas \u00e1guas estagnadas dos p\u00e2ntanos povoados por maravilhosas plantas aqu\u00e1ticas. \u00c9 uma natureza que causa uma forte impress\u00e3o, e eu nunca mais a esquecerei, mesmo que eu viva por mil anos&#8221;.<\/p>\n<p style=\"text-align: center;\">GUIDO BOGGIANI<\/p>\n<p><a href=\"https:\/\/museoverde.org\/pt-br\/o-gran-chaco\/le-popolazioni-originarie\/\"><\/p>\n<h1 style=\"text-align: left;\">POVOS IND\u00cdGENAS<\/h1>\n<p><\/a><\/p>\n<h3 style=\"text-align: left;\">Quem s\u00e3o os povos ind\u00edgenas?<\/h3>\n<p>Nos \u00faltimos anos, v\u00e1rios grupos preferiram se chamar &#8220;povos originais&#8221; para enfatizar que vivem neste continente desde tempos imemoriais e que os europeus n\u00e3o chegaram at\u00e9 o final do s\u00e9culo XV. O que \u00e9 importante n\u00e3o \u00e9 tanto o nome, que pode ser considerado um simples r\u00f3tulo, mas a subst\u00e2ncia e o significado dessas presen\u00e7as minorit\u00e1rias, muitas vezes privadas de visibilidade, desprotegidas, marginalizadas e opostas, no mundo globalizado.<\/p>\n<p style=\"color: var(--tcb-skin-color-4)  !important; --tcb-applied-color:var$(--tcb-skin-color-4)  !important;\"><a href=\"https:\/\/museoverde.org\/pt-br\/o-gran-chaco\/le-popolazioni-originarie\/\" style=\"outline: none;\">Descubra mais&nbsp;<\/a><span style=\"--tcb-applied-color:var$(--tcb-skin-color-4)  !important;\"> \u279d<\/span><\/p>\n<p><a href=\"https:\/\/museoverde.org\/pt-br\/o-gran-chaco\/sulle-tracce-dei-pionieri\/\"><\/p>\n<h1 style=\"\">NO RASTO DOS PIONEIROS<\/h1>\n<p style=\"color: var(--tcb-skin-color-2)  !important; --tcb-applied-color:var$(--tcb-skin-color-2)  !important;\">No Chaco, a mem\u00f3ria das pessoas que se aventuraram nestes territ\u00f3rios nos s\u00e9culos XIX e XX e entraram em contacto com os povos ind\u00edgenas que os habitavam ainda est\u00e1 viva.Gra\u00e7as a eles, os bens culturais dessa \u00e9poca s\u00e3o hoje preservados nos museus europeus.<\/p>\n<p><\/a><\/p>\n<p style=\"color: var(--tcb-skin-color-2)  !important; --tcb-applied-color:var$(--tcb-skin-color-2)  !important;\"><a href=\"https:\/\/museoverde.org\/pt-br\/o-gran-chaco\/sulle-tracce-dei-pionieri\/\" style=\"outline: none;\">Mais informa\u00e7\u00f5es<\/a><span style=\"--tcb-applied-color:var$(--tcb-skin-color-2)  !important;\"> \u279d<\/span><\/p>\n","protected":false},"excerpt":{"rendered":"<p>O GRANDE CHACO &#8220;Grandes e misteriosamente silenciosas florestas com \u00e1rvores densas entrela\u00e7adas com enormes cip\u00f3s, &#8230; se refletem nas \u00e1guas estagnadas dos p\u00e2ntanos povoados por maravilhosas plantas aqu\u00e1ticas. \u00c9 uma natureza que causa uma forte impress\u00e3o, e eu nunca mais a esquecerei, mesmo que eu viva por mil anos&#8221;. GUIDO BOGGIANI POVOS IND\u00cdGENAS Quem s\u00e3o [&hellip;]<\/p>\n","protected":false},"author":3,"featured_media":0,"parent":0,"menu_order":0,"comment_status":"closed","ping_status":"closed","template":"","meta":{"footnotes":""},"class_list":["post-28594","page","type-page","status-publish","hentry","post-wrapper","thrv_wrapper"],"_links":{"self":[{"href":"https:\/\/museoverde.org\/pt-br\/wp-json\/wp\/v2\/pages\/28594","targetHints":{"allow":["GET"]}}],"collection":[{"href":"https:\/\/museoverde.org\/pt-br\/wp-json\/wp\/v2\/pages"}],"about":[{"href":"https:\/\/museoverde.org\/pt-br\/wp-json\/wp\/v2\/types\/page"}],"author":[{"embeddable":true,"href":"https:\/\/museoverde.org\/pt-br\/wp-json\/wp\/v2\/users\/3"}],"replies":[{"embeddable":true,"href":"https:\/\/museoverde.org\/pt-br\/wp-json\/wp\/v2\/comments?post=28594"}],"version-history":[{"count":9,"href":"https:\/\/museoverde.org\/pt-br\/wp-json\/wp\/v2\/pages\/28594\/revisions"}],"predecessor-version":[{"id":29360,"href":"https:\/\/museoverde.org\/pt-br\/wp-json\/wp\/v2\/pages\/28594\/revisions\/29360"}],"wp:attachment":[{"href":"https:\/\/museoverde.org\/pt-br\/wp-json\/wp\/v2\/media?parent=28594"}],"curies":[{"name":"wp","href":"https:\/\/api.w.org\/{rel}","templated":true}]}}