{"id":28666,"date":"2022-03-31T12:38:25","date_gmt":"2022-03-31T10:38:25","guid":{"rendered":"https:\/\/museoverde.org\/rassegna-stampa\/intervista-a-erasmo-duarte\/"},"modified":"2022-06-02T12:35:29","modified_gmt":"2022-06-02T10:35:29","slug":"intervista-a-erasmo-duarte","status":"publish","type":"page","link":"https:\/\/museoverde.org\/pt-br\/revista-de-imprensa\/intervista-a-erasmo-duarte\/","title":{"rendered":"Intervista a Erasmo Duarte"},"content":{"rendered":"<h2 style=\"text-align: left;\">Entrevista com Erasmo Duarte<\/h2>\n<h5 style=\"\">Perspectivas e Esperan\u00e7as para o Pantanal entre a Seca e a Pandemia<\/h5>\n<h6 style=\"\">Entrevista de Beatrice D&#8217;Ascenzi e Anita Testa<\/h6>\n<p>Esta entrevista, dedicada \u00e0 experi\u00eancia dos membros da associa\u00e7\u00e3o do Museu Verde, foi-nos gentilmente concedida por Erasmo Duarte. Ele vive na regi\u00e3o do Pantanal, a maior zona h\u00famida do mundo, uma imensa plan\u00edcie aluvial sujeita a inunda\u00e7\u00f5es peri\u00f3dicas, considerada o ecossistema com o maior n\u00famero de esp\u00e9cies de flora e fauna do mundo. \u00c9 nesta \u00e1rea, t\u00e3o importante para a biodiversidade que a WWF a identificou como uma das ecorregi\u00f5es do planeta, que Erasmo trabalha e criou a sua fam\u00edlia, entrando em contacto com os nativos de Kadiweu.O testemunho gentilmente oferecido por Erasmo Duarte \u00e9 uma importante vis\u00e3o da realidade territorial do Pantanal e da comunidade de Puerto Murtinho, lugares ainda muito pouco conhecidos e valorizados como parte do grande recurso geogr\u00e1fico e cultural que \u00e9 a bacia do Gran Chaco. Em particular, a valiosa contribui\u00e7\u00e3o de Erasmo Duarte d\u00e1-nos uma vis\u00e3o dos empreendimentos e desafios que a organiza\u00e7\u00e3o sem fins lucrativos Museo Verde pretende abordar num futuro pr\u00f3ximo, com um enfoque espec\u00edfico nas quest\u00f5es ambientais que afectam a plan\u00edcie do Pantanal, bem como o impacto que o Covid 19 est\u00e1 a ter na vida quotidiana da comunidade Kadweu e na subsist\u00eancia das popula\u00e7\u00f5es do Gran Chaco como um todo.<strong>MUSEO VERDE<\/strong>: Como come\u00e7ou a sua hist\u00f3ria no Gran Chaco?<strong>ERASMUS<\/strong>: Vivo h\u00e1 11 anos na cidade de Porto Murtinho, Mato Grosso do Sul, Brasil, que faz fronteira com o Paraguai, na regi\u00e3o do Gran Chaco, vivendo nas margens do grande rio Paraguai. No munic\u00edpio onde vivo existe uma grande \u00e1rea de terra pertencente aos \u00edndios Kadweus. Antes de visitar o Museu Verde, j\u00e1 tinha tido contacto com as aldeias onde estes \u00edndios vivem, que se encontram a cerca de 400 km da cidade de Porto Murtinho. Os \u00edndios Adhoreus vivem do outro lado do rio Paraguai. Quando as pessoas do Museu Verde foram visitar esta comunidade ind\u00edgena, mudaram-se para o lado brasileiro e eu tive o primeiro contacto com eles e contei-lhes sobre o povo Kadweu e come\u00e7\u00e1mos a visitar algumas aldeias, o que aconteceu em 2017. Pessoas que faziam parte deste grupo: Gherardo la Francesca, Padre Jos\u00e9 Zanardini e Calixto Seguier.<strong>MV<\/strong>: Como \u00e9 que vive a pandemia?<strong>E<\/strong>: Os Kadweu vivem muito longe da cidade de Porto Murtinho, as aldeias est\u00e3o mais pr\u00f3ximas de outras cidades, tais como Bonito e Bodoquena. N\u00e3o v\u00eam a Porto Murtinho com muita frequ\u00eancia, apesar de as aldeias se situarem nesse munic\u00edpio. Mas a pandemia trouxe-nos problemas, tanto no munic\u00edpio como nas aldeias. A minha mulher e eu somos comerciantes, temos um hotel e uma lotaria. O impacto econ\u00f3mico tem sido grande. Aqui, onde vivo, j\u00e1 houve mais de 500 casos confirmados e 18 mortes. O problema da Covid 19 tamb\u00e9m entrou nas comunidades ind\u00edgenas: para todos n\u00f3s o sentimento \u00e9 de medo e inseguran\u00e7a.<strong>MV<\/strong>: Que impacto teve a mudan\u00e7a clim\u00e1tica e como \u00e9 que a sua comunidade a percebeu?<strong>E<\/strong>: Em termos ambientais, o problema que mais nos tem afectado tem sido a seca, a falta de chuva e um grande inc\u00eandio que consumiu uma grande parte do nosso amado Pantanal, que \u00e9 a maior plan\u00edcie de inunda\u00e7\u00e3o do mundo. O rio Paraguai, que \u00e9 um rio naveg\u00e1vel para grandes navios, tornou-se demasiado baixo, impedindo o movimento de grandes navios. O ano 2020 foi um ano muito dif\u00edcil para toda a regi\u00e3o do Gran Chaco e do Pantanal. Tem afectado muito a economia, tanto na cidade como no campo.<strong>MV<\/strong>: Qual \u00e9 a sua contribui\u00e7\u00e3o para a Associa\u00e7\u00e3o dos Museus Verdes?<strong>E<\/strong>: A minha contribui\u00e7\u00e3o \u00e9 pequena, vivo a 400 km de dist\u00e2ncia das aldeias mais pr\u00f3ximas. Vou a algumas aldeias duas vezes por ano. Naturalmente, tenho contacto frequente com eles atrav\u00e9s da Internet. Quando os locais chegam a Porto Murtinho, somos uma refer\u00eancia para eles. Eles v\u00eam a minha casa, t\u00eam apoio em tudo o que podemos ajudar. Sou um representante do Museu Verde aqui no Brasil, a convite do meu amigo Gherardo La Francesca. Sou apaixonado pelos projectos da nossa associa\u00e7\u00e3o. J\u00e1 temos mais algum trabalho directo em duas aldeias, A S\u00e3o Jo\u00e3o e Alves de Barros.<\/p>\n<p><strong>MV<\/strong>: Fale-nos sobre os projectos futuros da sua comunidade.<strong>E<\/strong>: Para o futuro, o nosso objectivo \u00e9 mostrar ao povo Kadweu os valores da hist\u00f3ria, da cultura e das belas tradi\u00e7\u00f5es que s\u00f3 eles t\u00eam. Nas visitas e contactos que temos com eles, tentamos encontrar formas de os motivar nestas mat\u00e9rias. H\u00e1 alguns meses atr\u00e1s, Gherardo enviou ao Minist\u00e9rio da Educa\u00e7\u00e3o um material muito bem preparado sobre a parte ind\u00edgena para ser transmitido aos coordenadores e professores das escolas. Este material \u00e9 de grande valor para eles. No entanto, n\u00e3o est\u00e3o a ter aulas presenciais por causa da pandemia. Mas insistiremos com eles em conhecer este material. H\u00e1 uma aldeia que conseguiu construir um grande barrac\u00e3o para os seus festivais e actua\u00e7\u00f5es culturais. Nesta aldeia existe uma associa\u00e7\u00e3o de mulheres que fazem pe\u00e7as de cer\u00e2mica. A nossa conversa com eles \u00e9 uma ajuda com a doa\u00e7\u00e3o de cinco pain\u00e9is com imagens e explica\u00e7\u00f5es de alguns s\u00edmbolos da cultura Kadweu. Confesso que o problema pand\u00e9mico tem atrasado muito o nosso trabalho. Em conclus\u00e3o, gostaria de dizer que nos mantemos firmes e fortes na f\u00e9 e na esperan\u00e7a.<\/p>\n","protected":false},"excerpt":{"rendered":"<p>Entrevista com Erasmo Duarte Perspectivas e Esperan\u00e7as para o Pantanal entre a Seca e a Pandemia Entrevista de Beatrice D&#8217;Ascenzi e Anita Testa Esta entrevista, dedicada \u00e0 experi\u00eancia dos membros da associa\u00e7\u00e3o do Museu Verde, foi-nos gentilmente concedida por Erasmo Duarte. Ele vive na regi\u00e3o do Pantanal, a maior zona h\u00famida do mundo, uma imensa [&hellip;]<\/p>\n","protected":false},"author":3,"featured_media":0,"parent":28662,"menu_order":0,"comment_status":"closed","ping_status":"closed","template":"","meta":{"footnotes":""},"class_list":["post-28666","page","type-page","status-publish","hentry","post-wrapper","thrv_wrapper"],"_links":{"self":[{"href":"https:\/\/museoverde.org\/pt-br\/wp-json\/wp\/v2\/pages\/28666","targetHints":{"allow":["GET"]}}],"collection":[{"href":"https:\/\/museoverde.org\/pt-br\/wp-json\/wp\/v2\/pages"}],"about":[{"href":"https:\/\/museoverde.org\/pt-br\/wp-json\/wp\/v2\/types\/page"}],"author":[{"embeddable":true,"href":"https:\/\/museoverde.org\/pt-br\/wp-json\/wp\/v2\/users\/3"}],"replies":[{"embeddable":true,"href":"https:\/\/museoverde.org\/pt-br\/wp-json\/wp\/v2\/comments?post=28666"}],"version-history":[{"count":3,"href":"https:\/\/museoverde.org\/pt-br\/wp-json\/wp\/v2\/pages\/28666\/revisions"}],"predecessor-version":[{"id":29378,"href":"https:\/\/museoverde.org\/pt-br\/wp-json\/wp\/v2\/pages\/28666\/revisions\/29378"}],"up":[{"embeddable":true,"href":"https:\/\/museoverde.org\/pt-br\/wp-json\/wp\/v2\/pages\/28662"}],"wp:attachment":[{"href":"https:\/\/museoverde.org\/pt-br\/wp-json\/wp\/v2\/media?parent=28666"}],"curies":[{"name":"wp","href":"https:\/\/api.w.org\/{rel}","templated":true}]}}