{"id":28730,"date":"2022-02-14T11:07:31","date_gmt":"2022-02-14T10:07:31","guid":{"rendered":"https:\/\/museoverde.org\/gran-chaco\/le-popolazioni-originarie\/qom\/"},"modified":"2022-05-14T09:37:30","modified_gmt":"2022-05-14T07:37:30","slug":"qom","status":"publish","type":"page","link":"https:\/\/museoverde.org\/pt-br\/o-gran-chaco\/le-popolazioni-originarie\/qom\/","title":{"rendered":"Qom"},"content":{"rendered":"<h3 style=\"\">QOM<\/h3>\n<p>Eles s\u00e3o considerados um dos grupos \u00e9tnicos mais importantes do grupo Guaicur\u00fa. A maioria deles est\u00e1 estabelecida no norte da Argentina (cerca de 70.000), algumas comunidades vivem no sul do Paraguai e na Bol\u00edvia h\u00e1 algumas unidades que vivem perto da fronteira. Eles tamb\u00e9m s\u00e3o conhecidos como os Toba.Seu idioma \u00e9 &#8220;Qom l&#8217;aqtac&#8221; e ling\u00fcisticamente est\u00e1 normalmente inclu\u00eddo no grupo de &#8220;idiomas Guaicur\u00fa&#8221;. A educa\u00e7\u00e3o bil\u00edng\u00fce em l\u00ednguas nativas \u00e9 garantida na Argentina atrav\u00e9s da Lei Nacional N\u00ba 23302 (1985) sobre Pol\u00edtica Ind\u00edgena. No caso particular do Qom, a educa\u00e7\u00e3o bil\u00edng\u00fce \u00e9 regulamentada nas prov\u00edncias do Chaco (desde 1987) e Buenos Aires (desde 2007). Entretanto, apenas 29% dos Qom do Chaco e 1% dos de Buenos Aires freq\u00fcentaram este tipo de escola.At\u00e9 o s\u00e9culo XIX, eles eram principalmente um povo ca\u00e7ador-colector semi-n\u00f4made. Desde tenra idade, os homens ca\u00e7avam e pescavam e as mulheres colhiam. A ca\u00e7a de ca\u00e7a grossa (antas, queixadas, veados) era a principal fonte de alimento; a colheita de frutas e a extra\u00e7\u00e3o de mel completavam a subsist\u00eancia b\u00e1sica. A agricultura hort\u00edcola foi amplamente influenciada pelas contribui\u00e7\u00f5es andinas e amaz\u00f4nicas: cultivava-se nachitek (ab\u00f3bora), olta\u00f1i (milho), avagha (feij\u00e3o), batata doce, mandioca, etc. As condi\u00e7\u00f5es clim\u00e1ticas da regi\u00e3o s\u00e3o extremas, com temperaturas de at\u00e9 50\u00b0C nos dias de ver\u00e3o e noites frias de inverno. Durante os meses quentes eles n\u00e3o usavam quase nenhuma roupa, exceto simples tangas. Durante os meses frios, eles usavam casacos de pele, geralmente capivaras. As mulheres, segundo Pedro Lozano: &#8220;Elas s\u00e3o cobertas da cabe\u00e7a aos p\u00e9s com mantas de p\u00ealos de animais e as mais importantes s\u00e3o cobertas com tecidos de grama de couro mais espessos que a pita, que nesta prov\u00edncia chamamos de chahuar, e nascem selvagens, de onde fazem um fio semelhante ao dos sapateiros e tecem seu vestido, ao qual as filhas e esposas das mais importantes acrescentam decora\u00e7\u00f5es em preto e branco&#8221;. Para as festividades, homens e mulheres usavam pulseiras e colares feitos de penas, flores e folhas, e os homens enfeitavam a cabe\u00e7a com um toucado feito de penas e fibras de caraguat\u00e1.Casamento e linhagem eram os fundamentos b\u00e1sicos da organiza\u00e7\u00e3o social Qom constitu\u00eda o &#8220;bando&#8221;, que reunia v\u00e1rias fam\u00edlias ampliadas, organizadas em &#8220;tribos&#8221; sob o comando de um chefe. O casamento intertribal era permitido.As mulheres ocupavam um lugar importante na sociedade Qom: elas exerciam fun\u00e7\u00f5es pol\u00edticas, econ\u00f4micas e religiosas. Com a implementa\u00e7\u00e3o das redu\u00e7\u00f5es e a interven\u00e7\u00e3o dos mission\u00e1rios, foi imposta uma ordem patriarcal que colocou as mulheres em uma posi\u00e7\u00e3o subordinada.Entre as peculiaridades da cultura Qom est\u00e1 o medo que eles desenvolveram em rela\u00e7\u00e3o a certas palavras (indicando doen\u00e7a, infort\u00fanio), h\u00e1 tamb\u00e9m uma forma de supersti\u00e7\u00e3o que indica um respeito muito forte pelo poder da linguagem: parece que no passado n\u00e3o se podia pronunciar o nome de uma pessoa durante um certo tempo ap\u00f3s a sua morte. Ap\u00f3s este tempo, o nome foi adotado por um jovem para substituir o falecido.A presen\u00e7a dos espanh\u00f3is significou para eles uma grande revolu\u00e7\u00e3o: por um lado, eles encontraram um novo e poderoso inimigo, por outro lado, os espanh\u00f3is, involuntariamente, deram uma grande contribui\u00e7\u00e3o para sua cultura. No s\u00e9culo XVII, os Qom come\u00e7aram a usar cavalos e se tornaram cavaleiros habilidosos, apesar do fato de seu territ\u00f3rio estar amplamente coberto por florestas e selvas (eles usavam armaduras de couro para se protegerem de espinhos de \u00e1rvores e ataques de on\u00e7as-pintadas e pumas). De seus cavalos, armados com arco e flechas, eles ca\u00e7avam n\u00e3o apenas animais nativos, mas tamb\u00e9m gado de origem europ\u00e9ia.Os Qom revelaram-se um dos grupos \u00e9tnicos que mais resistiram \u00e0 tentativa de transcultura\u00e7\u00e3o e usurpa\u00e7\u00e3o do homem branco na regi\u00e3o do Chaco, chegando ao ponto de amea\u00e7ar a cidade de Santa F\u00e9 em 1858, mas desde 1880 eles n\u00e3o conseguem lidar com as campanhas do ex\u00e9rcito argentino que os encurralaram no impenetr\u00e1vel Chaco.A \u00faltima resist\u00eancia militar Qom ocorreu na col\u00f4nia abor\u00edgine de Napalp\u00ed, na prov\u00edncia de Chaco, onde 200 deles foram massacrados \u00e0s m\u00e3os da pol\u00edcia e de grupos de fazendeiros.Na segunda metade do s\u00e9culo XX, quando deixaram de servir como trabalhadores agr\u00edcolas, ocorreram expuls\u00f5es em massa de seu territ\u00f3rio e, infelizmente, muitos foram for\u00e7ados a trabalhar em planta\u00e7\u00f5es de algod\u00e3o ou como madeireiros ou em moinhos.Em 1954, o governo nacional reconheceu os direitos dos povos originais sobre seus territ\u00f3rios ocupados, concedendo-lhes a propriedade, por\u00e9m, ap\u00f3s o golpe de Estado de 1955, a entrega foi revogada e a terra foi leiloada.A urbaniza\u00e7\u00e3o gradual do Gran Chaco for\u00e7ou as fam\u00edlias Qom a se estabelecerem em comunidades agr\u00edcolas sedent\u00e1rias ou a migrarem para as cidades. Assim, a partir da segunda metade do s\u00e9culo XX, os padr\u00f5es de subsist\u00eancia foram adaptados a um modelo econ\u00f4mico agr\u00edcola sedent\u00e1rio, combinado com a comercializa\u00e7\u00e3o de peles e artesanato, o trabalho sazonal na colheita do algod\u00e3o e o trabalho assalariado.Seu sistema religioso consiste em um culto aos seres da natureza e cren\u00e7a em uma divindade suprema. sua doutrina ainda \u00e9 mantida viva por uma forte transmiss\u00e3o oral, embora muitos tenham adotado o cristianismo, particularmente o pentecostalismo, desde que seus xam\u00e3s em muitos casos se tornaram pastores protestantes; em todo caso, ainda hoje uma grande parte da popula\u00e7\u00e3o procura conselhos de xam\u00e3s ou oxonaks piedosos que s\u00e3o curandeiros e terapeutas.Outros Qom, perseguidos pela mis\u00e9ria em suas \u00e1reas rurais ancestrais, se encontram vivendo nas favelas de cidades como Salta, Resistencia, Formosa, Rosario, Santa F\u00e9 e Buenos Aires (distrito de La Plata). Em 2003, a situa\u00e7\u00e3o em Qom, na prov\u00edncia de Chaco, foi descrita como &#8220;um desastre humanit\u00e1rio&#8221; e &#8220;genoc\u00eddio&#8221;, com dezenas de casos de pessoas ind\u00edgenas morrendo por falta de alimentos. O bispo de Resistencia, capital do Chaco, pediu ao governador para intervir quando dez ind\u00edgenas morreram de fome. A situa\u00e7\u00e3o econ\u00f4mica atual da maior parte do Qom \u00e9 economicamente prec\u00e1ria, n\u00e3o h\u00e1 assist\u00eancia m\u00e9dica com muitos casos de desnutri\u00e7\u00e3o e tuberculose.Hoje, a \u00e1rea entre os rios Teuco e Bermejito \u00e9 o lar de muitas fam\u00edlias que obtiveram a restitui\u00e7\u00e3o destas terras do governo argentino. As fam\u00edlias se uniram na associa\u00e7\u00e3o Megusouchi, gra\u00e7as \u00e0 qual puderam recorrer contra uma lei1915 antiga, que nunca foi aplicada, e obter 50.000 hectares como propriedade comunit\u00e1ria legalmente reconhecida.Uma equipe de pesquisadores da Faculdade de Agricultura da UBA (FAUBA) junto com membros da comunidade Qom &#8216;La Primavera&#8217; est\u00e3o trabalhando para reintroduzir cerca de 60 ra\u00e7as ind\u00edgenas de milho, que haviam sido dizimadas pela monocultura, para contribuir para a disponibilidade de alimentos e melhorar a renda econ\u00f4mica.Recentemente (outubro de 2021) est\u00e1 ocorrendo um novo abuso: o povo Qom est\u00e1 reivindicando seu direito ancestral \u00e0 \u00e1gua, que entretanto foi privatizada, das empresas chinesas de carne su\u00edna em avan\u00e7o. De fato, existem tr\u00eas plantas industriais que produziriam 12.000 porcos cada uma, contaminando assim as escassas fontes de \u00e1gua e exigindo ainda mais cultivos de soja e milho GMO. &#8220;H\u00e1 \u00e1gua pot\u00e1vel no Pampa del Indio&#8221;, dizem os l\u00edderes Qom das profundezas do Chaco, &#8220;mas n\u00e3o temos acesso a ela na comunidade&#8221;. Eles o pro\u00edbem. Sabemos que h\u00e1 \u00e1gua pot\u00e1vel em Campo Medina, em Pampa Chica, mas quando reclamamos eles nos dizem que \u00e9 privada. E sabemos muito bem que \u00e9 uma obra p\u00fablica que foi feita h\u00e1 sete ou oito anos. Eles costumavam traz\u00ea-lo at\u00e9 n\u00f3s em cisternas, mas n\u00e3o mais. Eles nem sequer nos d\u00e3o \u00e1gua do Parque Nacional&#8221;.<\/p>\n<p><span><img decoding=\"async\" alt=\"\" data-id=\"27014\" width=\"512\" height=\"341\" title=\"5xzdke5w\" src=\"https:\/\/museoverde.org\/wp-content\/uploads\/2022\/03\/5xzdke5w-300x200.jpeg\" data-src=\"https:\/\/museoverde.org\/wp-content\/uploads\/2022\/03\/5xzdke5w-300x200.jpeg\" loading=\"lazy\" data-sizes=\"{&quot;thumbnail&quot;:{&quot;height&quot;:150,&quot;width&quot;:150,&quot;url&quot;:&quot;https:\/\/museoverde.org\/wp-content\/uploads\/2022\/03\/5xzdke5w-150x150.jpeg&quot;,&quot;orientation&quot;:&quot;landscape&quot;},&quot;medium&quot;:{&quot;height&quot;:200,&quot;width&quot;:300,&quot;url&quot;:&quot;https:\/\/museoverde.org\/wp-content\/uploads\/2022\/03\/5xzdke5w-300x200.jpeg&quot;,&quot;orientation&quot;:&quot;landscape&quot;},&quot;full&quot;:{&quot;url&quot;:&quot;https:\/\/museoverde.org\/wp-content\/uploads\/2022\/03\/5xzdke5w.jpeg&quot;,&quot;height&quot;:341,&quot;width&quot;:512,&quot;orientation&quot;:&quot;landscape&quot;}}\" style=\"\"><\/span><span><img decoding=\"async\" alt=\"\" data-id=\"27018\" width=\"2500\" height=\"1671\" title=\"Copia de 1) QOMDonne artigiane\" src=\"https:\/\/museoverde.org\/wp-content\/uploads\/2022\/03\/Copia-de-1-QOMDonne-artigiane-1024x684.jpeg\" data-src=\"https:\/\/museoverde.org\/wp-content\/uploads\/2022\/03\/Copia-de-1-QOMDonne-artigiane-1024x684.jpeg\" loading=\"lazy\" data-sizes=\"{&quot;thumbnail&quot;:{&quot;height&quot;:150,&quot;width&quot;:150,&quot;url&quot;:&quot;https:\/\/museoverde.org\/wp-content\/uploads\/2022\/03\/Copia-de-1-QOMDonne-artigiane-150x150.jpeg&quot;,&quot;orientation&quot;:&quot;landscape&quot;},&quot;medium&quot;:{&quot;height&quot;:201,&quot;width&quot;:300,&quot;url&quot;:&quot;https:\/\/museoverde.org\/wp-content\/uploads\/2022\/03\/Copia-de-1-QOMDonne-artigiane-300x201.jpeg&quot;,&quot;orientation&quot;:&quot;landscape&quot;},&quot;large&quot;:{&quot;height&quot;:684,&quot;width&quot;:1024,&quot;url&quot;:&quot;https:\/\/museoverde.org\/wp-content\/uploads\/2022\/03\/Copia-de-1-QOMDonne-artigiane-1024x684.jpeg&quot;,&quot;orientation&quot;:&quot;landscape&quot;},&quot;full&quot;:{&quot;url&quot;:&quot;https:\/\/museoverde.org\/wp-content\/uploads\/2022\/03\/Copia-de-1-QOMDonne-artigiane.jpeg&quot;,&quot;height&quot;:1671,&quot;width&quot;:2500,&quot;orientation&quot;:&quot;landscape&quot;}}\" style=\"\"><\/span><span><img decoding=\"async\" alt=\"\" data-id=\"27022\" width=\"1599\" height=\"777\" title=\"Copia de La loro sede\" src=\"https:\/\/museoverde.org\/wp-content\/uploads\/2022\/03\/Copia-de-La-loro-sede-1024x498.jpg\" data-src=\"https:\/\/museoverde.org\/wp-content\/uploads\/2022\/03\/Copia-de-La-loro-sede-1024x498.jpg\" loading=\"lazy\" data-sizes=\"{&quot;thumbnail&quot;:{&quot;height&quot;:150,&quot;width&quot;:150,&quot;url&quot;:&quot;https:\/\/museoverde.org\/wp-content\/uploads\/2022\/03\/Copia-de-La-loro-sede-150x150.jpg&quot;,&quot;orientation&quot;:&quot;landscape&quot;},&quot;medium&quot;:{&quot;height&quot;:146,&quot;width&quot;:300,&quot;url&quot;:&quot;https:\/\/museoverde.org\/wp-content\/uploads\/2022\/03\/Copia-de-La-loro-sede-300x146.jpg&quot;,&quot;orientation&quot;:&quot;landscape&quot;},&quot;large&quot;:{&quot;height&quot;:498,&quot;width&quot;:1024,&quot;url&quot;:&quot;https:\/\/museoverde.org\/wp-content\/uploads\/2022\/03\/Copia-de-La-loro-sede-1024x498.jpg&quot;,&quot;orientation&quot;:&quot;landscape&quot;},&quot;full&quot;:{&quot;url&quot;:&quot;https:\/\/museoverde.org\/wp-content\/uploads\/2022\/03\/Copia-de-La-loro-sede.jpg&quot;,&quot;height&quot;:777,&quot;width&quot;:1599,&quot;orientation&quot;:&quot;landscape&quot;}}\" style=\"\"><\/span><span><img decoding=\"async\" alt=\"\" data-id=\"27026\" width=\"2560\" height=\"1707\" title=\"P1038369\" src=\"https:\/\/museoverde.org\/wp-content\/uploads\/2022\/03\/P1038369-1024x683.jpg\" data-src=\"https:\/\/museoverde.org\/wp-content\/uploads\/2022\/03\/P1038369-1024x683.jpg\" loading=\"lazy\" data-sizes=\"{&quot;thumbnail&quot;:{&quot;height&quot;:150,&quot;width&quot;:150,&quot;url&quot;:&quot;https:\/\/museoverde.org\/wp-content\/uploads\/2022\/03\/P1038369-150x150.jpg&quot;,&quot;orientation&quot;:&quot;landscape&quot;},&quot;medium&quot;:{&quot;height&quot;:200,&quot;width&quot;:300,&quot;url&quot;:&quot;https:\/\/museoverde.org\/wp-content\/uploads\/2022\/03\/P1038369-300x200.jpg&quot;,&quot;orientation&quot;:&quot;landscape&quot;},&quot;large&quot;:{&quot;height&quot;:683,&quot;width&quot;:1024,&quot;url&quot;:&quot;https:\/\/museoverde.org\/wp-content\/uploads\/2022\/03\/P1038369-1024x683.jpg&quot;,&quot;orientation&quot;:&quot;landscape&quot;},&quot;full&quot;:{&quot;url&quot;:&quot;https:\/\/museoverde.org\/wp-content\/uploads\/2022\/03\/P1038369-scaled.jpg&quot;,&quot;height&quot;:1707,&quot;width&quot;:2560,&quot;orientation&quot;:&quot;landscape&quot;}}\" style=\"\"><\/span><span><img decoding=\"async\" alt=\"\" data-id=\"27030\" width=\"2260\" height=\"2456\" title=\"DSC_8497\" src=\"https:\/\/museoverde.org\/wp-content\/uploads\/2022\/03\/DSC_8497-942x1024.jpeg\" data-src=\"https:\/\/museoverde.org\/wp-content\/uploads\/2022\/03\/DSC_8497-942x1024.jpeg\" loading=\"lazy\" data-sizes=\"{&quot;thumbnail&quot;:{&quot;height&quot;:150,&quot;width&quot;:150,&quot;url&quot;:&quot;https:\/\/museoverde.org\/wp-content\/uploads\/2022\/03\/DSC_8497-150x150.jpeg&quot;,&quot;orientation&quot;:&quot;landscape&quot;},&quot;medium&quot;:{&quot;height&quot;:300,&quot;width&quot;:276,&quot;url&quot;:&quot;https:\/\/museoverde.org\/wp-content\/uploads\/2022\/03\/DSC_8497-276x300.jpeg&quot;,&quot;orientation&quot;:&quot;portrait&quot;},&quot;large&quot;:{&quot;height&quot;:1024,&quot;width&quot;:942,&quot;url&quot;:&quot;https:\/\/museoverde.org\/wp-content\/uploads\/2022\/03\/DSC_8497-942x1024.jpeg&quot;,&quot;orientation&quot;:&quot;portrait&quot;},&quot;full&quot;:{&quot;url&quot;:&quot;https:\/\/museoverde.org\/wp-content\/uploads\/2022\/03\/DSC_8497.jpeg&quot;,&quot;height&quot;:2456,&quot;width&quot;:2260,&quot;orientation&quot;:&quot;portrait&quot;}}\" style=\"\"><\/span><span><img decoding=\"async\" alt=\"\" data-id=\"27034\" width=\"2560\" height=\"1707\" title=\"P1038357\" src=\"https:\/\/museoverde.org\/wp-content\/uploads\/2022\/03\/P1038357-1024x683.jpg\" data-src=\"https:\/\/museoverde.org\/wp-content\/uploads\/2022\/03\/P1038357-1024x683.jpg\" loading=\"lazy\" data-sizes=\"{&quot;thumbnail&quot;:{&quot;height&quot;:150,&quot;width&quot;:150,&quot;url&quot;:&quot;https:\/\/museoverde.org\/wp-content\/uploads\/2022\/03\/P1038357-150x150.jpg&quot;,&quot;orientation&quot;:&quot;landscape&quot;},&quot;medium&quot;:{&quot;height&quot;:200,&quot;width&quot;:300,&quot;url&quot;:&quot;https:\/\/museoverde.org\/wp-content\/uploads\/2022\/03\/P1038357-300x200.jpg&quot;,&quot;orientation&quot;:&quot;landscape&quot;},&quot;large&quot;:{&quot;height&quot;:683,&quot;width&quot;:1024,&quot;url&quot;:&quot;https:\/\/museoverde.org\/wp-content\/uploads\/2022\/03\/P1038357-1024x683.jpg&quot;,&quot;orientation&quot;:&quot;landscape&quot;},&quot;full&quot;:{&quot;url&quot;:&quot;https:\/\/museoverde.org\/wp-content\/uploads\/2022\/03\/P1038357-scaled.jpg&quot;,&quot;height&quot;:1707,&quot;width&quot;:2560,&quot;orientation&quot;:&quot;landscape&quot;}}\" style=\"\"><\/span><span><img decoding=\"async\" alt=\"\" data-id=\"27038\" width=\"800\" height=\"890\" title=\"Non \u00e9 da ieri che le donne Qom intrecciano fibre vegetali\" src=\"https:\/\/museoverde.org\/wp-content\/uploads\/2022\/03\/Non-e-da-ieri-che-le-donne-Qom-intrecciano-fibre-vegetali-270x300.jpg\" data-src=\"https:\/\/museoverde.org\/wp-content\/uploads\/2022\/03\/Non-e-da-ieri-che-le-donne-Qom-intrecciano-fibre-vegetali-270x300.jpg\" loading=\"lazy\" data-sizes=\"{&quot;thumbnail&quot;:{&quot;height&quot;:150,&quot;width&quot;:150,&quot;url&quot;:&quot;https:\/\/museoverde.org\/wp-content\/uploads\/2022\/03\/Non-e-da-ieri-che-le-donne-Qom-intrecciano-fibre-vegetali-150x150.jpg&quot;,&quot;orientation&quot;:&quot;landscape&quot;},&quot;medium&quot;:{&quot;height&quot;:300,&quot;width&quot;:270,&quot;url&quot;:&quot;https:\/\/museoverde.org\/wp-content\/uploads\/2022\/03\/Non-e-da-ieri-che-le-donne-Qom-intrecciano-fibre-vegetali-270x300.jpg&quot;,&quot;orientation&quot;:&quot;portrait&quot;},&quot;full&quot;:{&quot;url&quot;:&quot;https:\/\/museoverde.org\/wp-content\/uploads\/2022\/03\/Non-e-da-ieri-che-le-donne-Qom-intrecciano-fibre-vegetali.jpg&quot;,&quot;height&quot;:890,&quot;width&quot;:800,&quot;orientation&quot;:&quot;portrait&quot;}}\" style=\"\"><\/span><span><img decoding=\"async\" alt=\"\" data-id=\"27042\" width=\"2560\" height=\"1707\" title=\"P1038378\" src=\"https:\/\/museoverde.org\/wp-content\/uploads\/2022\/03\/P1038378-1024x683.jpg\" data-src=\"https:\/\/museoverde.org\/wp-content\/uploads\/2022\/03\/P1038378-1024x683.jpg\" loading=\"lazy\" data-sizes=\"{&quot;thumbnail&quot;:{&quot;height&quot;:150,&quot;width&quot;:150,&quot;url&quot;:&quot;https:\/\/museoverde.org\/wp-content\/uploads\/2022\/03\/P1038378-150x150.jpg&quot;,&quot;orientation&quot;:&quot;landscape&quot;},&quot;medium&quot;:{&quot;height&quot;:200,&quot;width&quot;:300,&quot;url&quot;:&quot;https:\/\/museoverde.org\/wp-content\/uploads\/2022\/03\/P1038378-300x200.jpg&quot;,&quot;orientation&quot;:&quot;landscape&quot;},&quot;large&quot;:{&quot;height&quot;:683,&quot;width&quot;:1024,&quot;url&quot;:&quot;https:\/\/museoverde.org\/wp-content\/uploads\/2022\/03\/P1038378-1024x683.jpg&quot;,&quot;orientation&quot;:&quot;landscape&quot;},&quot;full&quot;:{&quot;url&quot;:&quot;https:\/\/museoverde.org\/wp-content\/uploads\/2022\/03\/P1038378-scaled.jpg&quot;,&quot;height&quot;:1707,&quot;width&quot;:2560,&quot;orientation&quot;:&quot;landscape&quot;}}\" style=\"\"><\/span><span><img decoding=\"async\" alt=\"\" data-id=\"27046\" width=\"2560\" height=\"1707\" title=\"P1038379\" src=\"https:\/\/museoverde.org\/wp-content\/uploads\/2022\/03\/P1038379-1024x683.jpg\" data-src=\"https:\/\/museoverde.org\/wp-content\/uploads\/2022\/03\/P1038379-1024x683.jpg\" loading=\"lazy\" data-sizes=\"{&quot;thumbnail&quot;:{&quot;height&quot;:150,&quot;width&quot;:150,&quot;url&quot;:&quot;https:\/\/museoverde.org\/wp-content\/uploads\/2022\/03\/P1038379-150x150.jpg&quot;,&quot;orientation&quot;:&quot;landscape&quot;},&quot;medium&quot;:{&quot;height&quot;:200,&quot;width&quot;:300,&quot;url&quot;:&quot;https:\/\/museoverde.org\/wp-content\/uploads\/2022\/03\/P1038379-300x200.jpg&quot;,&quot;orientation&quot;:&quot;landscape&quot;},&quot;large&quot;:{&quot;height&quot;:683,&quot;width&quot;:1024,&quot;url&quot;:&quot;https:\/\/museoverde.org\/wp-content\/uploads\/2022\/03\/P1038379-1024x683.jpg&quot;,&quot;orientation&quot;:&quot;landscape&quot;},&quot;full&quot;:{&quot;url&quot;:&quot;https:\/\/museoverde.org\/wp-content\/uploads\/2022\/03\/P1038379-scaled.jpg&quot;,&quot;height&quot;:1707,&quot;width&quot;:2560,&quot;orientation&quot;:&quot;landscape&quot;}}\" style=\"\"><\/span><span><img decoding=\"async\" alt=\"\" data-id=\"27050\" width=\"2560\" height=\"1707\" title=\"P1038394\" src=\"https:\/\/museoverde.org\/wp-content\/uploads\/2022\/03\/P1038394-1024x683.jpg\" data-src=\"https:\/\/museoverde.org\/wp-content\/uploads\/2022\/03\/P1038394-1024x683.jpg\" loading=\"lazy\" data-sizes=\"{&quot;thumbnail&quot;:{&quot;height&quot;:150,&quot;width&quot;:150,&quot;url&quot;:&quot;https:\/\/museoverde.org\/wp-content\/uploads\/2022\/03\/P1038394-150x150.jpg&quot;,&quot;orientation&quot;:&quot;landscape&quot;},&quot;medium&quot;:{&quot;height&quot;:200,&quot;width&quot;:300,&quot;url&quot;:&quot;https:\/\/museoverde.org\/wp-content\/uploads\/2022\/03\/P1038394-300x200.jpg&quot;,&quot;orientation&quot;:&quot;landscape&quot;},&quot;large&quot;:{&quot;height&quot;:683,&quot;width&quot;:1024,&quot;url&quot;:&quot;https:\/\/museoverde.org\/wp-content\/uploads\/2022\/03\/P1038394-1024x683.jpg&quot;,&quot;orientation&quot;:&quot;landscape&quot;},&quot;full&quot;:{&quot;url&quot;:&quot;https:\/\/museoverde.org\/wp-content\/uploads\/2022\/03\/P1038394-scaled.jpg&quot;,&quot;height&quot;:1707,&quot;width&quot;:2560,&quot;orientation&quot;:&quot;landscape&quot;}}\" style=\"\"><\/span><span><img decoding=\"async\" alt=\"\" data-id=\"27054\" width=\"2560\" height=\"1707\" title=\"P1038400\" src=\"https:\/\/museoverde.org\/wp-content\/uploads\/2022\/03\/P1038400-1024x683.jpg\" data-src=\"https:\/\/museoverde.org\/wp-content\/uploads\/2022\/03\/P1038400-1024x683.jpg\" loading=\"lazy\" data-sizes=\"{&quot;thumbnail&quot;:{&quot;height&quot;:150,&quot;width&quot;:150,&quot;url&quot;:&quot;https:\/\/museoverde.org\/wp-content\/uploads\/2022\/03\/P1038400-150x150.jpg&quot;,&quot;orientation&quot;:&quot;landscape&quot;},&quot;medium&quot;:{&quot;height&quot;:200,&quot;width&quot;:300,&quot;url&quot;:&quot;https:\/\/museoverde.org\/wp-content\/uploads\/2022\/03\/P1038400-300x200.jpg&quot;,&quot;orientation&quot;:&quot;landscape&quot;},&quot;large&quot;:{&quot;height&quot;:683,&quot;width&quot;:1024,&quot;url&quot;:&quot;https:\/\/museoverde.org\/wp-content\/uploads\/2022\/03\/P1038400-1024x683.jpg&quot;,&quot;orientation&quot;:&quot;landscape&quot;},&quot;full&quot;:{&quot;url&quot;:&quot;https:\/\/museoverde.org\/wp-content\/uploads\/2022\/03\/P1038400-scaled.jpg&quot;,&quot;height&quot;:1707,&quot;width&quot;:2560,&quot;orientation&quot;:&quot;landscape&quot;}}\" style=\"\"><\/span><span><img decoding=\"async\" alt=\"\" data-id=\"27058\" width=\"512\" height=\"340\" title=\"tZdartWw\" src=\"https:\/\/museoverde.org\/wp-content\/uploads\/2022\/03\/tZdartWw-300x199.jpeg\" data-src=\"https:\/\/museoverde.org\/wp-content\/uploads\/2022\/03\/tZdartWw-300x199.jpeg\" loading=\"lazy\" data-sizes=\"{&quot;thumbnail&quot;:{&quot;height&quot;:150,&quot;width&quot;:150,&quot;url&quot;:&quot;https:\/\/museoverde.org\/wp-content\/uploads\/2022\/03\/tZdartWw-150x150.jpeg&quot;,&quot;orientation&quot;:&quot;landscape&quot;},&quot;medium&quot;:{&quot;height&quot;:199,&quot;width&quot;:300,&quot;url&quot;:&quot;https:\/\/museoverde.org\/wp-content\/uploads\/2022\/03\/tZdartWw-300x199.jpeg&quot;,&quot;orientation&quot;:&quot;landscape&quot;},&quot;full&quot;:{&quot;url&quot;:&quot;https:\/\/museoverde.org\/wp-content\/uploads\/2022\/03\/tZdartWw.jpeg&quot;,&quot;height&quot;:340,&quot;width&quot;:512,&quot;orientation&quot;:&quot;landscape&quot;}}\" style=\"\"><\/span><\/p>\n","protected":false},"excerpt":{"rendered":"<p>QOM Eles s\u00e3o considerados um dos grupos \u00e9tnicos mais importantes do grupo Guaicur\u00fa. A maioria deles est\u00e1 estabelecida no norte da Argentina (cerca de 70.000), algumas comunidades vivem no sul do Paraguai e na Bol\u00edvia h\u00e1 algumas unidades que vivem perto da fronteira. Eles tamb\u00e9m s\u00e3o conhecidos como os Toba.Seu idioma \u00e9 &#8220;Qom l&#8217;aqtac&#8221; e [&hellip;]<\/p>\n","protected":false},"author":3,"featured_media":0,"parent":28600,"menu_order":0,"comment_status":"closed","ping_status":"closed","template":"","meta":{"footnotes":""},"class_list":["post-28730","page","type-page","status-publish","hentry","post-wrapper","thrv_wrapper"],"_links":{"self":[{"href":"https:\/\/museoverde.org\/pt-br\/wp-json\/wp\/v2\/pages\/28730","targetHints":{"allow":["GET"]}}],"collection":[{"href":"https:\/\/museoverde.org\/pt-br\/wp-json\/wp\/v2\/pages"}],"about":[{"href":"https:\/\/museoverde.org\/pt-br\/wp-json\/wp\/v2\/types\/page"}],"author":[{"embeddable":true,"href":"https:\/\/museoverde.org\/pt-br\/wp-json\/wp\/v2\/users\/3"}],"replies":[{"embeddable":true,"href":"https:\/\/museoverde.org\/pt-br\/wp-json\/wp\/v2\/comments?post=28730"}],"version-history":[{"count":1,"href":"https:\/\/museoverde.org\/pt-br\/wp-json\/wp\/v2\/pages\/28730\/revisions"}],"predecessor-version":[{"id":28731,"href":"https:\/\/museoverde.org\/pt-br\/wp-json\/wp\/v2\/pages\/28730\/revisions\/28731"}],"up":[{"embeddable":true,"href":"https:\/\/museoverde.org\/pt-br\/wp-json\/wp\/v2\/pages\/28600"}],"wp:attachment":[{"href":"https:\/\/museoverde.org\/pt-br\/wp-json\/wp\/v2\/media?parent=28730"}],"curies":[{"name":"wp","href":"https:\/\/api.w.org\/{rel}","templated":true}]}}